{"id":44,"date":"2024-07-16T14:17:16","date_gmt":"2024-07-16T12:17:16","guid":{"rendered":"https:\/\/www.santafe.gob.ar\/ms\/congresoproteccioncivil\/?page_id=44"},"modified":"2024-07-18T16:56:33","modified_gmt":"2024-07-18T14:56:33","slug":"home","status":"publish","type":"page","link":"https:\/\/www.santafe.gob.ar\/ms\/congresoproteccioncivil\/","title":{"rendered":"Home"},"content":{"rendered":"<p>[et_pb_section fb_built=\u00bb1&#8243; _builder_version=\u00bb4.19.0&#8243; _module_preset=\u00bbdefault\u00bb background_image=\u00bbhttps:\/\/www.santafe.gob.ar\/ms\/congresoproteccioncivil\/wp-content\/uploads\/sites\/73\/2024\/07\/Web_slide_fondo.png\u00bb height=\u00bb620px\u00bb height_tablet=\u00bb620px\u00bb height_phone=\u00bb440px\u00bb height_last_edited=\u00bbon|phone\u00bb locked=\u00bboff\u00bb global_colors_info=\u00bb{}\u00bb][et_pb_row custom_padding_last_edited=\u00bbon|phone\u00bb _builder_version=\u00bb4.19.0&#8243; _module_preset=\u00bbdefault\u00bb custom_padding=\u00bb120px||||false|false\u00bb custom_padding_tablet=\u00bb180px||||false|false\u00bb custom_padding_phone=\u00bb100px||||false|false\u00bb custom_css_main_element=\u00bbdisplay: flex;||flex-direction: column;||justify-content: center;\u00bb global_colors_info=\u00bb{}\u00bb][et_pb_column type=\u00bb4_4&#8243; _builder_version=\u00bb4.19.0&#8243; _module_preset=\u00bbdefault\u00bb global_colors_info=\u00bb{}\u00bb][et_pb_image src=\u00bbhttps:\/\/www.santafe.gob.ar\/ms\/congresoproteccioncivil\/wp-content\/uploads\/sites\/73\/2024\/07\/Web_logo_slide.png\u00bb title_text=\u00bbWeb_logo_slide\u00bb _builder_version=\u00bb4.19.0&#8243; _module_preset=\u00bbdefault\u00bb width_tablet=\u00bb\u00bb width_phone=\u00bb\u00bb width_last_edited=\u00bbon|phone\u00bb max_width=\u00bb560px\u00bb max_width_tablet=\u00bb360px\u00bb max_width_phone=\u00bb260px\u00bb max_width_last_edited=\u00bbon|phone\u00bb global_colors_info=\u00bb{}\u00bb][\/et_pb_image][\/et_pb_column][\/et_pb_row][et_pb_row _builder_version=\u00bb4.19.0&#8243; _module_preset=\u00bbdefault\u00bb custom_padding=\u00bb70px||||false|false\u00bb global_colors_info=\u00bb{}\u00bb][et_pb_column type=\u00bb4_4&#8243; _builder_version=\u00bb4.19.0&#8243; _module_preset=\u00bbdefault\u00bb global_colors_info=\u00bb{}\u00bb][et_pb_text _builder_version=\u00bb4.19.0&#8243; _module_preset=\u00bbdefault\u00bb header_2_font_size=\u00bb40px\u00bb background_layout=\u00bbdark\u00bb header_2_font_size_tablet=\u00bb30px\u00bb header_2_font_size_phone=\u00bb20px\u00bb header_2_font_size_last_edited=\u00bbon|phone\u00bb global_colors_info=\u00bb{}\u00bb]<\/p>\n<h2 style=\"text-align: center\"><em>\u00abEl desaf\u00edo de la Gesti\u00f3n Integral\u00bb<\/em><\/h2>\n<p>[\/et_pb_text][\/et_pb_column][\/et_pb_row][\/et_pb_section][et_pb_section fb_built=\u00bb1&#8243; _builder_version=\u00bb4.19.0&#8243; _module_preset=\u00bbdefault\u00bb custom_padding=\u00bb20px||20px||true|false\u00bb global_colors_info=\u00bb{}\u00bb][et_pb_row column_structure=\u00bb1_2,1_2&#8243; _builder_version=\u00bb4.19.0&#8243; _module_preset=\u00bbdefault\u00bb global_colors_info=\u00bb{}\u00bb][et_pb_column type=\u00bb1_2&#8243; _builder_version=\u00bb4.19.0&#8243; _module_preset=\u00bbdefault\u00bb global_colors_info=\u00bb{}\u00bb][et_pb_image src=\u00bbhttps:\/\/www.santafe.gob.ar\/ms\/congresoproteccioncivil\/wp-content\/uploads\/sites\/73\/2024\/07\/Web_CONJUNTO_LOGO-29.png\u00bb title_text=\u00bbWeb_CONJUNTO_LOGO-29&#8243; _builder_version=\u00bb4.19.0&#8243; _module_preset=\u00bbdefault\u00bb global_colors_info=\u00bb{}\u00bb][\/et_pb_image][\/et_pb_column][et_pb_column type=\u00bb1_2&#8243; _builder_version=\u00bb4.19.0&#8243; _module_preset=\u00bbdefault\u00bb global_colors_info=\u00bb{}\u00bb][et_pb_image src=\u00bbhttps:\/\/www.santafe.gob.ar\/ms\/congresoproteccioncivil\/wp-content\/uploads\/sites\/73\/2024\/07\/Web_CONJUNTO_LOGO-30.png\u00bb title_text=\u00bbWeb_CONJUNTO_LOGO-30&#8243; _builder_version=\u00bb4.19.0&#8243; _module_preset=\u00bbdefault\u00bb global_colors_info=\u00bb{}\u00bb][\/et_pb_image][\/et_pb_column][\/et_pb_row][\/et_pb_section][et_pb_section fb_built=\u00bb1&#8243; _builder_version=\u00bb4.19.0&#8243; _module_preset=\u00bbdefault\u00bb custom_padding=\u00bb0px||||false|false\u00bb locked=\u00bboff\u00bb global_colors_info=\u00bb{}\u00bb][et_pb_row _builder_version=\u00bb4.19.0&#8243; _module_preset=\u00bbdefault\u00bb custom_margin=\u00bb||40px||false|false\u00bb global_colors_info=\u00bb{}\u00bb][et_pb_column type=\u00bb4_4&#8243; _builder_version=\u00bb4.19.0&#8243; _module_preset=\u00bbdefault\u00bb global_colors_info=\u00bb{}\u00bb][et_pb_text _builder_version=\u00bb4.19.0&#8243; _module_preset=\u00bbdefault\u00bb text_font=\u00bb|300|||||||\u00bb text_font_size=\u00bb28px\u00bb text_line_height=\u00bb1.2em\u00bb text_orientation=\u00bbcenter\u00bb text_font_size_tablet=\u00bb28px\u00bb text_font_size_phone=\u00bb22px\u00bb text_font_size_last_edited=\u00bbon|phone\u00bb global_colors_info=\u00bb{}\u00bb]<\/p>\n<p>Un gran equipo organizativo conformado por la <strong>Secretar\u00eda de Protecci\u00f3n Civil y Gesti\u00f3n de Riesgos<\/strong> del <a href=\"https:\/\/www.instagram.com\/gobsantafe\/\" target=\"_blank\" rel=\"noopener\">@gobsantafe<\/a>, la <strong>Direcci\u00f3n Nacional de Apoyo Federal a Emergencias<\/strong> del <a href=\"https:\/\/www.instagram.com\/minsegargentina\/\" target=\"_blank\" rel=\"noopener\">@minsegargentina<\/a>, la <strong>Direcci\u00f3n General de Gesti\u00f3n de Riesgos y Protecci\u00f3n Civil<\/strong> de la <a href=\"https:\/\/www.instagram.com\/muni_rosario\/\" target=\"_blank\" rel=\"noopener\">@muni_rosario<\/a>, la <strong>Federaci\u00f3n Santafesina de Asociaci\u00f3n de Bomberos Voluntarios<\/strong> <a href=\"https:\/\/www.instagram.com\/fsabomberosvoluntarios\/\" target=\"_blank\" rel=\"noopener\">@fsabomberosvoluntarios<\/a> y el <strong>Consejo Nacional de Bomberos Voluntarios de Argentina.<\/strong><\/p>\n<p>[\/et_pb_text][\/et_pb_column][\/et_pb_row][et_pb_row column_structure=\u00bb2_3,1_3&#8243; make_equal=\u00bbon\u00bb custom_padding_last_edited=\u00bbon|phone\u00bb _builder_version=\u00bb4.19.0&#8243; _module_preset=\u00bbdefault\u00bb custom_margin_tablet=\u00bb\u00bb custom_margin_phone=\u00bb\u00bb custom_margin_last_edited=\u00bbon|phone\u00bb custom_padding=\u00bb30px|60px|30px|60px|true|true\u00bb custom_padding_tablet=\u00bb30px|60px|30px|60px|true|true\u00bb custom_padding_phone=\u00bb30px|30px|30px|30px|true|true\u00bb border_radii=\u00bbon|6px|6px|6px|6px\u00bb border_width_all=\u00bb2px\u00bb border_color_all=\u00bb#cccccc\u00bb global_colors_info=\u00bb{}\u00bb][et_pb_column type=\u00bb2_3&#8243; _builder_version=\u00bb4.19.0&#8243; _module_preset=\u00bbdefault\u00bb global_colors_info=\u00bb{}\u00bb][et_pb_text _builder_version=\u00bb4.19.0&#8243; _module_preset=\u00bbdefault\u00bb custom_padding=\u00bb||||true|true\u00bb border_color_all=\u00bb#cccccc\u00bb global_colors_info=\u00bb{}\u00bb]<\/p>\n<h1>Viernes 02 y S\u00e1bado 03 de Agosto<\/h1>\n<h4>Predio Ferial Parque Independencia (Ex Sociedad Rural)<\/h4>\n<p>Rosario.<\/p>\n<p>[\/et_pb_text][\/et_pb_column][et_pb_column type=\u00bb1_3&#8243; _builder_version=\u00bb4.19.0&#8243; _module_preset=\u00bbdefault\u00bb global_colors_info=\u00bb{}\u00bb][et_pb_button button_url=\u00bbhttps:\/\/forms.gle\/dRm8grD9rT5SwNu36&#8243; url_new_window=\u00bbon\u00bb button_text=\u00bbInscripci\u00f3n\u00bb button_alignment=\u00bbcenter\u00bb admin_label=\u00bbBot\u00f3n\u00bb _builder_version=\u00bb4.19.0&#8243; _module_preset=\u00bbdefault\u00bb custom_button=\u00bbon\u00bb button_text_size=\u00bb14px\u00bb button_bg_use_color_gradient=\u00bbon\u00bb button_bg_color_gradient_direction=\u00bb110deg\u00bb button_bg_color_gradient_stops=\u00bb#ffc802 0%|#ff7402 33%|#e12153 66%|#3c3ae2 100%\u00bb button_border_width=\u00bb0px\u00bb button_border_radius=\u00bb100px\u00bb button_letter_spacing=\u00bb1px\u00bb button_font=\u00bb|700||on|||||\u00bb button_icon=\u00bb&#x24;||divi||400&#8243; button_icon_color=\u00bb#FFFFFF\u00bb background_layout=\u00bbdark\u00bb custom_padding=\u00bb12px|40px|12px|40px|true|true\u00bb global_colors_info=\u00bb{}\u00bb][\/et_pb_button][et_pb_text _builder_version=\u00bb4.19.0&#8243; _module_preset=\u00bbdefault\u00bb text_font=\u00bb|||on|||||\u00bb text_text_color=\u00bb#cccccc\u00bb text_font_size=\u00bb12px\u00bb text_letter_spacing=\u00bb1px\u00bb custom_margin_tablet=\u00bb\u00bb custom_margin_phone=\u00bb\u00bb custom_margin_last_edited=\u00bbon|phone\u00bb global_colors_info=\u00bb{}\u00bb]<\/p>\n<p style=\"text-align: center\">Cupo limitado<\/p>\n<p>[\/et_pb_text][\/et_pb_column][\/et_pb_row][\/et_pb_section][et_pb_section fb_built=\u00bb1&#8243; _builder_version=\u00bb4.19.0&#8243; _module_preset=\u00bbdefault\u00bb custom_padding=\u00bb0px||0px||true|false\u00bb global_colors_info=\u00bb{}\u00bb][et_pb_row _builder_version=\u00bb4.19.0&#8243; _module_preset=\u00bbdefault\u00bb global_colors_info=\u00bb{}\u00bb][et_pb_column type=\u00bb4_4&#8243; _builder_version=\u00bb4.19.0&#8243; _module_preset=\u00bbdefault\u00bb global_colors_info=\u00bb{}\u00bb][et_pb_video src=\u00bbhttps:\/\/videos.santafe.gob.ar\/nextcloud\/index.php\/s\/xQqEZdjqr45cYXz\/download\/3er-Congreso-PC-VF.mp4&#8243; _builder_version=\u00bb4.19.0&#8243; _module_preset=\u00bbdefault\u00bb hover_enabled=\u00bb0&#8243; global_colors_info=\u00bb{}\u00bb sticky_enabled=\u00bb0&#8243;][\/et_pb_video][\/et_pb_column][\/et_pb_row][\/et_pb_section][et_pb_section fb_built=\u00bb1&#8243; _builder_version=\u00bb4.19.0&#8243; _module_preset=\u00bbdefault\u00bb global_colors_info=\u00bb{}\u00bb][et_pb_row column_structure=\u00bb1_3,1_3,1_3&#8243; _builder_version=\u00bb4.19.0&#8243; _module_preset=\u00bbdefault\u00bb global_colors_info=\u00bb{}\u00bb][et_pb_column type=\u00bb1_3&#8243; _builder_version=\u00bb4.19.0&#8243; _module_preset=\u00bbdefault\u00bb global_colors_info=\u00bb{}\u00bb][et_pb_number_counter title=\u00bbDisertantes Expertos\u00bb number=\u00bb+10&#8243; percent_sign=\u00bboff\u00bb _builder_version=\u00bb4.19.0&#8243; _module_preset=\u00bbdefault\u00bb title_font_size=\u00bb24px\u00bb title_line_height=\u00bb0.8em\u00bb number_font=\u00bb|800|||||||\u00bb number_text_color=\u00bb#ff7402&#8243; number_font_size=\u00bb92px\u00bb number_letter_spacing=\u00bb-4px\u00bb global_colors_info=\u00bb{}\u00bb][\/et_pb_number_counter][\/et_pb_column][et_pb_column type=\u00bb1_3&#8243; _builder_version=\u00bb4.19.0&#8243; _module_preset=\u00bbdefault\u00bb global_colors_info=\u00bb{}\u00bb][et_pb_number_counter title=\u00bbOrganizaciones Presentadas\u00bb number=\u00bb+15&#8243; percent_sign=\u00bboff\u00bb _builder_version=\u00bb4.19.0&#8243; _module_preset=\u00bbdefault\u00bb title_font_size=\u00bb24px\u00bb title_line_height=\u00bb0.8em\u00bb number_font=\u00bb|800|||||||\u00bb number_text_color=\u00bb#d52153&#8243; number_font_size=\u00bb92px\u00bb number_letter_spacing=\u00bb-4px\u00bb global_colors_info=\u00bb{}\u00bb][\/et_pb_number_counter][\/et_pb_column][et_pb_column type=\u00bb1_3&#8243; _builder_version=\u00bb4.19.0&#8243; _module_preset=\u00bbdefault\u00bb global_colors_info=\u00bb{}\u00bb][et_pb_number_counter title=\u00bbConferencias Magistrales\u00bb number=\u00bb+20&#8243; percent_sign=\u00bboff\u00bb _builder_version=\u00bb4.19.0&#8243; _module_preset=\u00bbdefault\u00bb title_font_size=\u00bb24px\u00bb title_line_height=\u00bb0.8em\u00bb number_font=\u00bb|800|||||||\u00bb number_font_size=\u00bb92px\u00bb number_letter_spacing=\u00bb-4px\u00bb global_colors_info=\u00bb{}\u00bb][\/et_pb_number_counter][\/et_pb_column][\/et_pb_row][\/et_pb_section][et_pb_section fb_built=\u00bb1&#8243; module_class=\u00bbtematica\u00bb _builder_version=\u00bb4.19.0&#8243; _module_preset=\u00bbdefault\u00bb background_image=\u00bbhttps:\/\/www.santafe.gob.ar\/ms\/congresoproteccioncivil\/wp-content\/uploads\/sites\/73\/2024\/07\/Web-28.png\u00bb parallax=\u00bbon\u00bb global_colors_info=\u00bb{}\u00bb][et_pb_row _builder_version=\u00bb4.19.0&#8243; _module_preset=\u00bbdefault\u00bb custom_padding=\u00bb||0px||false|false\u00bb global_colors_info=\u00bb{}\u00bb][et_pb_column type=\u00bb4_4&#8243; _builder_version=\u00bb4.19.0&#8243; _module_preset=\u00bbdefault\u00bb global_colors_info=\u00bb{}\u00bb][et_pb_text _builder_version=\u00bb4.19.0&#8243; _module_preset=\u00bbdefault\u00bb background_layout=\u00bbdark\u00bb global_colors_info=\u00bb{}\u00bb]<\/p>\n<h2>Tem\u00e1ticas<\/h2>\n<p>[\/et_pb_text][\/et_pb_column][\/et_pb_row][et_pb_row column_structure=\u00bb1_2,1_2&#8243; _builder_version=\u00bb4.19.0&#8243; _module_preset=\u00bbdefault\u00bb global_colors_info=\u00bb{}\u00bb][et_pb_column type=\u00bb1_2&#8243; _builder_version=\u00bb4.19.0&#8243; _module_preset=\u00bbdefault\u00bb global_colors_info=\u00bb{}\u00bb][et_pb_text _builder_version=\u00bb4.19.0&#8243; _module_preset=\u00bbdefault\u00bb text_font_size=\u00bb22px\u00bb background_layout=\u00bbdark\u00bb global_colors_info=\u00bb{}\u00bb]<\/p>\n<ul>\n<li>Sistema de protecci\u00f3n civil municipal, provincial y nacional.<\/li>\n<li>Biodiversidad y cambio clim\u00e1tico.<\/li>\n<li>Sistema de alerta temprana hidrometeorol\u00f3gico.<\/li>\n<li>Incendios forestales. Manejo integrado del fuego.<\/li>\n<\/ul>\n<p>[\/et_pb_text][\/et_pb_column][et_pb_column type=\u00bb1_2&#8243; _builder_version=\u00bb4.19.0&#8243; _module_preset=\u00bbdefault\u00bb global_colors_info=\u00bb{}\u00bb][et_pb_text _builder_version=\u00bb4.19.0&#8243; _module_preset=\u00bbdefault\u00bb text_font_size=\u00bb22px\u00bb background_layout=\u00bbdark\u00bb global_colors_info=\u00bb{}\u00bb]<\/p>\n<ul>\n<li>Gesti\u00f3n de riesgos y desarrollo sostenible.<\/li>\n<li>Emergencias complejas y manejo prehospitalario de v\u00edctimas m\u00faltiples.<\/li>\n<li>Incidentes con sustancias peligrosas. <\/li>\n<li>Organizaci\u00f3n y respuesta.<\/li>\n<\/ul>\n<p>[\/et_pb_text][\/et_pb_column][\/et_pb_row][\/et_pb_section][et_pb_section fb_built=\u00bb1&#8243; _builder_version=\u00bb4.19.0&#8243; _module_preset=\u00bbdefault\u00bb background_image=\u00bbhttps:\/\/www.santafe.gob.ar\/ms\/congresoproteccioncivil\/wp-content\/uploads\/sites\/73\/2024\/07\/captura-mapa-byn.png\u00bb parallax=\u00bbon\u00bb global_colors_info=\u00bb{}\u00bb][et_pb_row make_equal=\u00bbon\u00bb _builder_version=\u00bb4.19.0&#8243; _module_preset=\u00bbdefault\u00bb height=\u00bb460px\u00bb custom_css_main_element=\u00bbdisplay: flex;||flex-direction: column;||justify-content: center;\u00bb global_colors_info=\u00bb{}\u00bb][et_pb_column type=\u00bb4_4&#8243; _builder_version=\u00bb4.19.0&#8243; _module_preset=\u00bbdefault\u00bb global_colors_info=\u00bb{}\u00bb][et_pb_button button_url=\u00bbhttps:\/\/maps.app.goo.gl\/bonaEU9oAA91qNyUA\u00bb url_new_window=\u00bbon\u00bb button_text=\u00bbVer en Maps\u00bb button_alignment=\u00bbcenter\u00bb admin_label=\u00bbBot\u00f3n\u00bb _builder_version=\u00bb4.19.0&#8243; _module_preset=\u00bbdefault\u00bb custom_button=\u00bbon\u00bb button_text_size=\u00bb14px\u00bb button_bg_use_color_gradient=\u00bbon\u00bb button_bg_color_gradient_direction=\u00bb110deg\u00bb button_bg_color_gradient_stops=\u00bb#ffc802 0%|#ff7402 33%|#e12153 66%|#3c3ae2 100%\u00bb button_border_width=\u00bb0px\u00bb button_border_radius=\u00bb100px\u00bb button_letter_spacing=\u00bb1px\u00bb button_font=\u00bb|700||on|||||\u00bb button_icon=\u00bb&#x24;||divi||400&#8243; button_icon_color=\u00bb#FFFFFF\u00bb background_layout=\u00bbdark\u00bb custom_padding=\u00bb12px|40px|12px|40px|true|true\u00bb global_colors_info=\u00bb{}\u00bb][\/et_pb_button][\/et_pb_column][\/et_pb_row][\/et_pb_section]<\/p>\n","protected":false},"excerpt":{"rendered":"<p>\u00abEl desaf\u00edo de la Gesti\u00f3n Integral\u00bbUn gran equipo organizativo conformado por la Secretar\u00eda de Protecci\u00f3n Civil y Gesti\u00f3n de Riesgos del @gobsantafe, la Direcci\u00f3n Nacional de Apoyo Federal a Emergencias del @minsegargentina, la Direcci\u00f3n General de Gesti\u00f3n de Riesgos y Protecci\u00f3n Civil de la @muni_rosario, la Federaci\u00f3n Santafesina de Asociaci\u00f3n de Bomberos Voluntarios @fsabomberosvoluntarios y [&hellip;]<\/p>\n","protected":false},"author":82961,"featured_media":0,"parent":0,"menu_order":0,"comment_status":"closed","ping_status":"closed","template":"","meta":{"_acf_changed":false,"_et_pb_use_builder":"on","_et_pb_old_content":"","_et_gb_content_width":"","footnotes":""},"class_list":["post-44","page","type-page","status-publish","hentry"],"acf":[],"_links":{"self":[{"href":"https:\/\/www.santafe.gob.ar\/ms\/congresoproteccioncivil\/wp-json\/wp\/v2\/pages\/44","targetHints":{"allow":["GET"]}}],"collection":[{"href":"https:\/\/www.santafe.gob.ar\/ms\/congresoproteccioncivil\/wp-json\/wp\/v2\/pages"}],"about":[{"href":"https:\/\/www.santafe.gob.ar\/ms\/congresoproteccioncivil\/wp-json\/wp\/v2\/types\/page"}],"author":[{"embeddable":true,"href":"https:\/\/www.santafe.gob.ar\/ms\/congresoproteccioncivil\/wp-json\/wp\/v2\/users\/82961"}],"replies":[{"embeddable":true,"href":"https:\/\/www.santafe.gob.ar\/ms\/congresoproteccioncivil\/wp-json\/wp\/v2\/comments?post=44"}],"version-history":[{"count":42,"href":"https:\/\/www.santafe.gob.ar\/ms\/congresoproteccioncivil\/wp-json\/wp\/v2\/pages\/44\/revisions"}],"predecessor-version":[{"id":230,"href":"https:\/\/www.santafe.gob.ar\/ms\/congresoproteccioncivil\/wp-json\/wp\/v2\/pages\/44\/revisions\/230"}],"wp:attachment":[{"href":"https:\/\/www.santafe.gob.ar\/ms\/congresoproteccioncivil\/wp-json\/wp\/v2\/media?parent=44"}],"curies":[{"name":"wp","href":"https:\/\/api.w.org\/{rel}","templated":true}]}}