{"id":1433,"date":"2026-03-16T12:18:56","date_gmt":"2026-03-16T15:18:56","guid":{"rendered":"https:\/\/www.santafe.gob.ar\/ms\/innovacion-publica\/?page_id=1433"},"modified":"2026-03-16T14:05:07","modified_gmt":"2026-03-16T17:05:07","slug":"cuidadanos-digitales1","status":"publish","type":"page","link":"https:\/\/www.santafe.gob.ar\/ms\/innovacion-publica\/cuidadanos-digitales1\/","title":{"rendered":"Cuidadanos Digitales1"},"content":{"rendered":"<p>[et_pb_section fb_built=\u00bb1&#8243; theme_builder_area=\u00bbpost_content\u00bb _builder_version=\u00bb4.19.0&#8243; _module_preset=\u00bbdefault\u00bb][et_pb_row _builder_version=\u00bb4.19.0&#8243; _module_preset=\u00bbdefault\u00bb theme_builder_area=\u00bbpost_content\u00bb][et_pb_column _builder_version=\u00bb4.19.0&#8243; _module_preset=\u00bbdefault\u00bb type=\u00bb4_4&#8243; theme_builder_area=\u00bbpost_content\u00bb][et_pb_text _builder_version=\u00bb4.19.0&#8243; _module_preset=\u00bbdefault\u00bb theme_builder_area=\u00bbpost_content\u00bb text_font=\u00bbInter|900|||||||\u00bb text_text_color=\u00bb#E52354&#8243; text_font_size=\u00bb50px\u00bb hover_enabled=\u00bb0&#8243; sticky_enabled=\u00bb0&#8243;]<\/p>\n<p>Ciudadanos Digitales<\/p>\n<p>[\/et_pb_text][\/et_pb_column][\/et_pb_row][et_pb_row _builder_version=\u00bb4.19.0&#8243; _module_preset=\u00bbdefault\u00bb theme_builder_area=\u00bbpost_content\u00bb column_structure=\u00bb1_3,1_3,1_3&#8243; hover_enabled=\u00bb0&#8243; sticky_enabled=\u00bb0&#8243;][et_pb_column _builder_version=\u00bb4.19.0&#8243; _module_preset=\u00bbdefault\u00bb type=\u00bb1_3&#8243; theme_builder_area=\u00bbpost_content\u00bb box_shadow_style=\u00bbpreset1&#8243; border_radii=\u00bbon|28px|28px|28px|28px\u00bb custom_padding=\u00bb20px|15px|194px|30px|false|false\u00bb sticky_enabled=\u00bb0&#8243; background_color=\u00bb#E52354&#8243; animation_style=\u00bbfade\u00bb][et_pb_text _builder_version=\u00bb4.19.0&#8243; _module_preset=\u00bbdefault\u00bb theme_builder_area=\u00bbpost_content\u00bb sticky_enabled=\u00bb0&#8243; text_font=\u00bbInter||||||||\u00bb text_text_color=\u00bb#FFFFFF\u00bb text_font_size=\u00bb22px\u00bb custom_margin=\u00bb||2px|||\u00bb]<\/p>\n<p>Acceso<\/p>\n<p>[\/et_pb_text][et_pb_text _builder_version=\u00bb4.19.0&#8243; _module_preset=\u00bbdefault\u00bb theme_builder_area=\u00bbpost_content\u00bb sticky_enabled=\u00bb0&#8243; text_font=\u00bbInter|900|||||||\u00bb text_text_color=\u00bb#FFFFFF\u00bb text_font_size=\u00bb43px\u00bb text_line_height=\u00bb1.2em\u00bb custom_margin=\u00bb||18px|||\u00bb]<\/p>\n<p>Gestiones<br \/>Ciudadanas<\/p>\n<p>[\/et_pb_text][\/et_pb_column][et_pb_column _builder_version=\u00bb4.19.0&#8243; _module_preset=\u00bbdefault\u00bb type=\u00bb1_3&#8243; theme_builder_area=\u00bbpost_content\u00bb box_shadow_style=\u00bbpreset1&#8243; border_radii=\u00bbon|28px|28px|28px|28px\u00bb custom_padding=\u00bb20px|15px|247px|30px|false|false\u00bb background_color=\u00bb#E52354&#8243; animation_style=\u00bbfade\u00bb hover_enabled=\u00bb0&#8243; sticky_enabled=\u00bb0&#8243;][et_pb_text _builder_version=\u00bb4.19.0&#8243; _module_preset=\u00bbdefault\u00bb theme_builder_area=\u00bbpost_content\u00bb sticky_enabled=\u00bb0&#8243; text_font=\u00bbInter||||||||\u00bb text_text_color=\u00bb#FFFFFF\u00bb text_font_size=\u00bb22px\u00bb custom_margin=\u00bb||2px|||\u00bb]<\/p>\n<p>Descarg\u00e1<\/p>\n<p>[\/et_pb_text][et_pb_text _builder_version=\u00bb4.19.0&#8243; _module_preset=\u00bbdefault\u00bb theme_builder_area=\u00bbpost_content\u00bb sticky_enabled=\u00bb0&#8243; text_font=\u00bbInter|900|||||||\u00bb text_text_color=\u00bb#FFFFFF\u00bb text_font_size=\u00bb43px\u00bb text_line_height=\u00bb1.2em\u00bb custom_margin=\u00bb||18px|||\u00bb]<\/p>\n<p>Kit Digital<\/p>\n<p>[\/et_pb_text][\/et_pb_column][et_pb_column _builder_version=\u00bb4.19.0&#8243; _module_preset=\u00bbdefault\u00bb type=\u00bb1_3&#8243; theme_builder_area=\u00bbpost_content\u00bb box_shadow_style=\u00bbpreset1&#8243; border_radii=\u00bbon|28px|28px|28px|28px\u00bb custom_padding=\u00bb20px|15px|19px|30px|false|false\u00bb animation_style=\u00bbfade\u00bb hover_enabled=\u00bb0&#8243; sticky_enabled=\u00bb0&#8243; background_enable_color=\u00bboff\u00bb][et_pb_text _builder_version=\u00bb4.19.0&#8243; _module_preset=\u00bbdefault\u00bb theme_builder_area=\u00bbpost_content\u00bb sticky_enabled=\u00bb0&#8243; text_font=\u00bbInter|800|||||||\u00bb text_text_color=\u00bb#E52354&#8243; text_font_size=\u00bb26px\u00bb text_line_height=\u00bb1.1em\u00bb custom_margin=\u00bb||0px|||\u00bb]<\/p>\n<p>App Mi Santa Fe<\/p>\n<p>[\/et_pb_text][et_pb_text _builder_version=\u00bb4.19.0&#8243; _module_preset=\u00bbdefault\u00bb theme_builder_area=\u00bbpost_content\u00bb sticky_enabled=\u00bb0&#8243; text_font=\u00bbInter||||||||\u00bb text_line_height=\u00bb1.4em\u00bb custom_margin=\u00bb25px|25px|69px|0px|false|false\u00bb hover_enabled=\u00bb0&#8243;]<\/p>\n<p style=\"text-align: justify\">Conoc\u00e9 la nueva aplicaci\u00f3n de la provincia: Mi Santa Fe, que re\u00fane documentos, tr\u00e1mites y servicios p\u00fablicos en un solo lugar. Adem\u00e1s, te permite acceder de forma r\u00e1pida y simple a informaci\u00f3n y gestiones desde tu celular, sin necesidad de moverte de tu casa.<\/p>\n<p>[\/et_pb_text][et_pb_button button_text=\u00bbClick ac\u00e1\u00bb _builder_version=\u00bb4.19.0&#8243; _module_preset=\u00bbdefault\u00bb theme_builder_area=\u00bbpost_content\u00bb button_url=\u00bbhttps:\/\/youtube.com\/shorts\/voiH8BWmB5I\u00bb url_new_window=\u00bbon\u00bb sticky_enabled=\u00bb0&#8243; custom_button=\u00bbon\u00bb button_text_size=\u00bb18px\u00bb button_text_color=\u00bb#FFFFFF\u00bb button_bg_color=\u00bb#E52354&#8243; button_border_radius=\u00bb16px\u00bb][\/et_pb_button][\/et_pb_column][\/et_pb_row][et_pb_row _builder_version=\u00bb4.19.0&#8243; _module_preset=\u00bbdefault\u00bb theme_builder_area=\u00bbpost_content\u00bb column_structure=\u00bb1_3,1_3,1_3&#8243;][et_pb_column _builder_version=\u00bb4.19.0&#8243; _module_preset=\u00bbdefault\u00bb type=\u00bb1_3&#8243; theme_builder_area=\u00bbpost_content\u00bb][et_pb_text _builder_version=\u00bb4.19.0&#8243; _module_preset=\u00bbdefault\u00bb theme_builder_area=\u00bbpost_content\u00bb text_font=\u00bbInter|800|||||||\u00bb text_text_color=\u00bb#E52354&#8243; text_font_size=\u00bb28px\u00bb hover_enabled=\u00bb0&#8243; sticky_enabled=\u00bb0&#8243;]<\/p>\n<p>\u00bfC\u00f3mo adherirme al domicilio digital en Atenci\u00f3n Virtual?<\/p>\n<p>[\/et_pb_text][\/et_pb_column][et_pb_column _builder_version=\u00bb4.19.0&#8243; _module_preset=\u00bbdefault\u00bb type=\u00bb1_3&#8243; theme_builder_area=\u00bbpost_content\u00bb][\/et_pb_column][et_pb_column _builder_version=\u00bb4.19.0&#8243; _module_preset=\u00bbdefault\u00bb type=\u00bb1_3&#8243; theme_builder_area=\u00bbpost_content\u00bb][\/et_pb_column][\/et_pb_row][et_pb_row _builder_version=\u00bb4.19.0&#8243; _module_preset=\u00bbdefault\u00bb theme_builder_area=\u00bbpost_content\u00bb column_structure=\u00bb1_3,1_3,1_3&#8243; hover_enabled=\u00bb0&#8243; sticky_enabled=\u00bb0&#8243;][et_pb_column _builder_version=\u00bb4.19.0&#8243; _module_preset=\u00bbdefault\u00bb type=\u00bb1_3&#8243; theme_builder_area=\u00bbpost_content\u00bb box_shadow_style=\u00bbpreset1&#8243; border_radii=\u00bbon|28px|28px|28px|28px\u00bb custom_padding=\u00bb20px|15px|19px|30px|false|false\u00bb sticky_enabled=\u00bb0&#8243; animation_style=\u00bbfade\u00bb background_enable_color=\u00bboff\u00bb][et_pb_text _builder_version=\u00bb4.19.0&#8243; _module_preset=\u00bbdefault\u00bb theme_builder_area=\u00bbpost_content\u00bb sticky_enabled=\u00bb0&#8243; text_font=\u00bbInter|800|||||||\u00bb text_text_color=\u00bb#E52354&#8243; text_font_size=\u00bb26px\u00bb custom_margin=\u00bb||0px|||\u00bb text_line_height=\u00bb1.1em\u00bb hover_enabled=\u00bb0&#8243;]<\/p>\n<p>\u00bfC\u00f3mo adherirme al domicilio digital en Atenci\u00f3n Virtual?<\/p>\n<p>[\/et_pb_text][et_pb_text _builder_version=\u00bb4.19.0&#8243; _module_preset=\u00bbdefault\u00bb theme_builder_area=\u00bbpost_content\u00bb sticky_enabled=\u00bb0&#8243; text_font=\u00bbInter||||||||\u00bb text_line_height=\u00bb1.4em\u00bb custom_margin=\u00bb25px|25px|50px|0px|false|false\u00bb hover_enabled=\u00bb0&#8243;]<\/p>\n<p style=\"text-align: justify\"><span style=\"font-weight: 400\">En este video te mostramos c\u00f3mo adherirte a tu domicilio digital en la plataforma de Atenci\u00f3n Virtual. Segu\u00ed estos simples pasos y activ\u00e1 tu correo y celular para recibir notificaciones oficiales de manera r\u00e1pida y segura. \u00a1Mir\u00e1 el video!<\/span><\/p>\n<p>[\/et_pb_text][et_pb_button button_text=\u00bbClick ac\u00e1\u00bb _builder_version=\u00bb4.19.0&#8243; _module_preset=\u00bbdefault\u00bb theme_builder_area=\u00bbpost_content\u00bb button_url=\u00bbhttps:\/\/youtu.be\/gV_qoxpmAjE%20&#8243; url_new_window=\u00bbon\u00bb sticky_enabled=\u00bb0&#8243; custom_button=\u00bbon\u00bb button_text_size=\u00bb18px\u00bb button_text_color=\u00bb#FFFFFF\u00bb button_bg_color=\u00bb#E52354&#8243; button_border_radius=\u00bb16px\u00bb hover_enabled=\u00bb0&#8243;][\/et_pb_button][\/et_pb_column][et_pb_column _builder_version=\u00bb4.19.0&#8243; _module_preset=\u00bbdefault\u00bb type=\u00bb1_3&#8243; theme_builder_area=\u00bbpost_content\u00bb box_shadow_style=\u00bbpreset1&#8243; border_radii=\u00bbon|28px|28px|28px|28px\u00bb custom_padding=\u00bb20px|15px|19px|30px|false|false\u00bb animation_style=\u00bbfade\u00bb sticky_enabled=\u00bb0&#8243; background_enable_color=\u00bboff\u00bb][et_pb_text _builder_version=\u00bb4.19.0&#8243; _module_preset=\u00bbdefault\u00bb theme_builder_area=\u00bbpost_content\u00bb sticky_enabled=\u00bb0&#8243; text_font=\u00bbInter|800|||||||\u00bb text_text_color=\u00bb#E52354&#8243; text_font_size=\u00bb26px\u00bb custom_margin=\u00bb||0px|||\u00bb text_line_height=\u00bb1.1em\u00bb hover_enabled=\u00bb0&#8243;]<\/p>\n<p>\u00bfC\u00f3mo realizar un tr\u00e1mite en Atenci\u00f3n Virtual?<\/p>\n<p>[\/et_pb_text][et_pb_text _builder_version=\u00bb4.19.0&#8243; _module_preset=\u00bbdefault\u00bb theme_builder_area=\u00bbpost_content\u00bb sticky_enabled=\u00bb0&#8243; text_font=\u00bbInter||||||||\u00bb text_line_height=\u00bb1.4em\u00bb custom_margin=\u00bb25px|25px|69px|0px|false|false\u00bb hover_enabled=\u00bb0&#8243;]<\/p>\n<p style=\"text-align: justify\"><span style=\"font-weight: 400\">\u00bfNecesit\u00e1s hacer un tr\u00e1mite y no sab\u00e9s por d\u00f3nde empezar? En este video encontrar\u00e1s el paso a paso para realizar gestiones a trav\u00e9s de la plataforma de Atenci\u00f3n Virtual desde la comodidad de tu casa.<\/span><\/p>\n<p>[\/et_pb_text][et_pb_button button_text=\u00bbClick ac\u00e1\u00bb _builder_version=\u00bb4.19.0&#8243; _module_preset=\u00bbdefault\u00bb theme_builder_area=\u00bbpost_content\u00bb button_url=\u00bbhttps:\/\/www.youtube.com\/watch?v=hKD1t9YAgyc&amp;ab_channel=Secretar%C3%ADadeGesti%C3%B3nP%C3%BAblica\u00bb url_new_window=\u00bbon\u00bb sticky_enabled=\u00bb0&#8243; custom_button=\u00bbon\u00bb button_text_size=\u00bb18px\u00bb button_text_color=\u00bb#FFFFFF\u00bb button_bg_color=\u00bb#E52354&#8243; button_border_radius=\u00bb16px\u00bb hover_enabled=\u00bb0&#8243;][\/et_pb_button][\/et_pb_column][et_pb_column _builder_version=\u00bb4.19.0&#8243; _module_preset=\u00bbdefault\u00bb type=\u00bb1_3&#8243; theme_builder_area=\u00bbpost_content\u00bb box_shadow_style=\u00bbpreset1&#8243; border_radii=\u00bbon|28px|28px|28px|28px\u00bb custom_padding=\u00bb20px|15px|19px|30px|false|false\u00bb animation_style=\u00bbfade\u00bb hover_enabled=\u00bb0&#8243; sticky_enabled=\u00bb0&#8243; background_enable_color=\u00bboff\u00bb][et_pb_text _builder_version=\u00bb4.19.0&#8243; _module_preset=\u00bbdefault\u00bb theme_builder_area=\u00bbpost_content\u00bb sticky_enabled=\u00bb0&#8243; text_font=\u00bbInter|800|||||||\u00bb text_text_color=\u00bb#E52354&#8243; text_font_size=\u00bb28px\u00bb text_line_height=\u00bb1.1em\u00bb custom_margin=\u00bb||0px|||\u00bb hover_enabled=\u00bb0&#8243;]<\/p>\n<p>\u00bfC\u00f3mo firmar electronicamente?<\/p>\n<p>[\/et_pb_text][et_pb_text _builder_version=\u00bb4.19.0&#8243; _module_preset=\u00bbdefault\u00bb theme_builder_area=\u00bbpost_content\u00bb text_font=\u00bbInter|800|||||||\u00bb text_text_color=\u00bb#E52354&#8243; text_font_size=\u00bb28px\u00bb hover_enabled=\u00bb0&#8243; sticky_enabled=\u00bb0&#8243;]<\/p>\n<p>\u00bfC\u00f3mo firmar electronicamente?<\/p>\n<p>[\/et_pb_text][et_pb_text _builder_version=\u00bb4.19.0&#8243; _module_preset=\u00bbdefault\u00bb theme_builder_area=\u00bbpost_content\u00bb sticky_enabled=\u00bb0&#8243; text_font=\u00bbInter||||||||\u00bb text_line_height=\u00bb1.4em\u00bb custom_margin=\u00bb54px|25px|89px|0px|false|false\u00bb hover_enabled=\u00bb0&#8243;]<\/p>\n<p style=\"text-align: justify\"><span style=\"font-weight: 400\">En este video tutorial te mostramos c\u00f3mo firmar documentos desde cualquier lugar y en pocos minutos a trav\u00e9s del firmador digital web provincial. \u00a1Empecemos!<\/span><\/p>\n<p>[\/et_pb_text][et_pb_button button_text=\u00bbClick ac\u00e1\u00bb _builder_version=\u00bb4.19.0&#8243; _module_preset=\u00bbdefault\u00bb theme_builder_area=\u00bbpost_content\u00bb button_url=\u00bbhttps:\/\/youtu.be\/ETjXfXTyaBg\u00bb url_new_window=\u00bbon\u00bb sticky_enabled=\u00bb0&#8243; custom_button=\u00bbon\u00bb button_text_size=\u00bb18px\u00bb button_text_color=\u00bb#FFFFFF\u00bb button_bg_color=\u00bb#E52354&#8243; button_border_radius=\u00bb16px\u00bb hover_enabled=\u00bb0&#8243;][\/et_pb_button][\/et_pb_column][\/et_pb_row][et_pb_row _builder_version=\u00bb4.19.0&#8243; _module_preset=\u00bbdefault\u00bb theme_builder_area=\u00bbpost_content\u00bb column_structure=\u00bb1_3,1_3,1_3&#8243; hover_enabled=\u00bb0&#8243; sticky_enabled=\u00bb0&#8243;][et_pb_column _builder_version=\u00bb4.19.0&#8243; _module_preset=\u00bbdefault\u00bb type=\u00bb1_3&#8243; theme_builder_area=\u00bbpost_content\u00bb sticky_enabled=\u00bb0&#8243; box_shadow_style=\u00bbpreset1&#8243; border_radii=\u00bbon|28px|28px|28px|28px\u00bb custom_padding=\u00bb20px|15px|19px|30px|false|false\u00bb animation_style=\u00bbfade\u00bb background_enable_color=\u00bboff\u00bb][et_pb_text _builder_version=\u00bb4.19.0&#8243; _module_preset=\u00bbdefault\u00bb theme_builder_area=\u00bbpost_content\u00bb sticky_enabled=\u00bb0&#8243; text_font=\u00bbInter|800|||||||\u00bb text_text_color=\u00bb#E52354&#8243; text_font_size=\u00bb26px\u00bb custom_margin=\u00bb||0px|||\u00bb text_line_height=\u00bb1.1em\u00bb]<\/p>\n<p>\u00bfC\u00f3mo dar de alta mi cuenta de ID Ciudadana?<\/p>\n<p>[\/et_pb_text][et_pb_text _builder_version=\u00bb4.19.0&#8243; _module_preset=\u00bbdefault\u00bb theme_builder_area=\u00bbpost_content\u00bb sticky_enabled=\u00bb0&#8243; text_font=\u00bbInter||||||||\u00bb text_line_height=\u00bb1.4em\u00bb custom_margin=\u00bb31px|25px|48px|0px|false|false\u00bb]<\/p>\n<p style=\"text-align: justify\"><span style=\"font-weight: 400\">En este v\u00eddeo te mostramos c\u00f3mo dar de alta tu cuenta de ID Ciudadana, el sistema de identificaci\u00f3n digital que necesit\u00e1s para registrarte en los sistemas inform\u00e1ticos y acceder a tr\u00e1mites online. Segu\u00ed estos simples pasos y activ\u00e1 tu cuenta en pocos minutos. \u00a1Mir\u00e1 el video!<\/span><\/p>\n<p>[\/et_pb_text][et_pb_button button_text=\u00bbClick ac\u00e1\u00bb _builder_version=\u00bb4.19.0&#8243; _module_preset=\u00bbdefault\u00bb theme_builder_area=\u00bbpost_content\u00bb button_url=\u00bbhttps:\/\/www.youtube.com\/watch?v=Eo_XR-eZxP8&#8243; url_new_window=\u00bbon\u00bb sticky_enabled=\u00bb0&#8243; custom_button=\u00bbon\u00bb button_text_size=\u00bb18px\u00bb button_text_color=\u00bb#FFFFFF\u00bb button_bg_color=\u00bb#E52354&#8243; button_border_radius=\u00bb16px\u00bb hover_enabled=\u00bb0&#8243;][\/et_pb_button][\/et_pb_column][et_pb_column _builder_version=\u00bb4.19.0&#8243; _module_preset=\u00bbdefault\u00bb type=\u00bb1_3&#8243; theme_builder_area=\u00bbpost_content\u00bb][\/et_pb_column][et_pb_column _builder_version=\u00bb4.19.0&#8243; _module_preset=\u00bbdefault\u00bb type=\u00bb1_3&#8243; theme_builder_area=\u00bbpost_content\u00bb][\/et_pb_column][\/et_pb_row][\/et_pb_section]<\/p>\n","protected":false},"excerpt":{"rendered":"<p>Ciudadanos DigitalesAccesoGestionesCiudadanasDescarg\u00e1Kit DigitalApp Mi Santa FeConoc\u00e9 la nueva aplicaci\u00f3n de la provincia: Mi Santa Fe, que re\u00fane documentos, tr\u00e1mites y servicios p\u00fablicos en un solo lugar. Adem\u00e1s, te permite acceder [&hellip;]<\/p>\n","protected":false},"author":127451,"featured_media":0,"parent":0,"menu_order":0,"comment_status":"closed","ping_status":"closed","template":"","meta":{"_acf_changed":false,"_et_pb_use_builder":"on","_et_pb_old_content":"","_et_gb_content_width":"","footnotes":""},"class_list":["post-1433","page","type-page","status-publish","hentry"],"acf":[],"_links":{"self":[{"href":"https:\/\/www.santafe.gob.ar\/ms\/innovacion-publica\/wp-json\/wp\/v2\/pages\/1433","targetHints":{"allow":["GET"]}}],"collection":[{"href":"https:\/\/www.santafe.gob.ar\/ms\/innovacion-publica\/wp-json\/wp\/v2\/pages"}],"about":[{"href":"https:\/\/www.santafe.gob.ar\/ms\/innovacion-publica\/wp-json\/wp\/v2\/types\/page"}],"author":[{"embeddable":true,"href":"https:\/\/www.santafe.gob.ar\/ms\/innovacion-publica\/wp-json\/wp\/v2\/users\/127451"}],"replies":[{"embeddable":true,"href":"https:\/\/www.santafe.gob.ar\/ms\/innovacion-publica\/wp-json\/wp\/v2\/comments?post=1433"}],"version-history":[{"count":7,"href":"https:\/\/www.santafe.gob.ar\/ms\/innovacion-publica\/wp-json\/wp\/v2\/pages\/1433\/revisions"}],"predecessor-version":[{"id":1446,"href":"https:\/\/www.santafe.gob.ar\/ms\/innovacion-publica\/wp-json\/wp\/v2\/pages\/1433\/revisions\/1446"}],"wp:attachment":[{"href":"https:\/\/www.santafe.gob.ar\/ms\/innovacion-publica\/wp-json\/wp\/v2\/media?parent=1433"}],"curies":[{"name":"wp","href":"https:\/\/api.w.org\/{rel}","templated":true}]}}