{"id":33,"date":"2026-08-11T14:57:22","date_gmt":"2026-08-11T12:57:22","guid":{"rendered":"https:\/\/www.santafe.gob.ar\/ms\/rpjec\/?page_id=33"},"modified":"2026-08-18T16:21:23","modified_gmt":"2026-08-18T14:21:23","slug":"normativa","status":"publish","type":"page","link":"https:\/\/www.santafe.gob.ar\/ms\/rpjec\/normativa\/","title":{"rendered":"Normativa"},"content":{"rendered":"<p>[et_pb_section fb_built=\u00bb1&#8243; _builder_version=\u00bb4.19.0&#8243; _module_preset=\u00bbdefault\u00bb hover_enabled=\u00bb0&#8243; global_colors_info=\u00bb{}\u00bb custom_margin=\u00bb0px||0px||true|false\u00bb custom_padding=\u00bb0px||0px||true|false\u00bb sticky_enabled=\u00bb0&#8243;][et_pb_row _builder_version=\u00bb4.19.0&#8243; _module_preset=\u00bbdefault\u00bb custom_margin=\u00bb0px||0px||false|false\u00bb custom_padding=\u00bb0px||0px||false|false\u00bb global_colors_info=\u00bb{}\u00bb][et_pb_column type=\u00bb4_4&#8243; _builder_version=\u00bb4.19.0&#8243; _module_preset=\u00bbdefault\u00bb global_colors_info=\u00bb{}\u00bb][et_pb_text _builder_version=\u00bb4.19.0&#8243; _module_preset=\u00bbdefault\u00bb custom_margin=\u00bb0px||0px||false|false\u00bb custom_padding=\u00bb40px||||false|false\u00bb locked=\u00bboff\u00bb global_colors_info=\u00bb{}\u00bb]<\/p>\n<h1 class=\"rpjec-entity-title\">Normativa<\/h1>\n<p>[\/et_pb_text][et_pb_text _builder_version=\u00bb4.19.0&#8243; _module_preset=\u00bbdefault\u00bb global_colors_info=\u00bb{}\u00bb]<\/p>\n\r\n    <div class=\"rpjec-normativa-wrap\">\r\n\r\n        \r\n            <div class=\"rpjec-law-section\">\r\n\r\n                <div\r\n                    class=\"rpjec-law-header\"\r\n                    style=\"\r\n                        background-color: #3e4d9c;\r\n                        color: #FFFFFF;\r\n                    \"\r\n                >\r\n                    Trasversal                <\/div>\r\n\r\n                <div class=\"rpjec-law-grid\">\r\n\r\n                    \r\n                        <a\r\n                            class=\"rpjec-law-card\"\r\n                            style=\"--law-color: #3e4d9c;\"\r\n                            href=\"http:\/\/www.santafe.gob.ar\/ms\/rpjec\/wp-content\/uploads\/sites\/97\/2026\/08\/Resolucion-1_2026.pdf\"\r\n                            target=\"_blank\"\r\n                            rel=\"noopener noreferrer\"\r\n                        >\r\n\r\n                            <div class=\"rpjec-law-top\">\r\n\r\n                                <div class=\"rpjec-law-type\">\r\n                                    RESOLUCI\u00d3N                                <\/div>\r\n\r\n                                <div class=\"rpjec-law-number\">\r\n                                    N\u00b0 1\/2026                                <\/div>\r\n\r\n                                <div class=\"rpjec-law-title\">\r\n                                    Naturaleza declarativa de la inscripci\u00f3n y permanencia de administradores societarios                                <\/div>\r\n\r\n                            <\/div>\r\n\r\n                            <div class=\"rpjec-law-expand\">\r\n\r\n                                <div class=\"rpjec-law-expand-inner\">\r\n\r\n                                    <p class=\"rpjec-law-text\">\r\n                                        Establece que la inscripci\u00f3n de autoridades societarias tiene un car\u00e1cter meramente declarativo y ratifica que los administradores mantienen la continuidad de derecho en sus cargos hasta ser efectivamente reemplazados, incluso si el plazo de su designaci\u00f3n se encuentra vencido.                                    <\/p>\r\n\r\n                                    <span class=\"rpjec-law-more\">\r\n                                        Ver m\u00e1s &rarr;\r\n                                    <\/span>\r\n\r\n                                <\/div>\r\n\r\n                            <\/div>\r\n\r\n                        <\/a>\r\n\r\n                    \r\n                        <a\r\n                            class=\"rpjec-law-card\"\r\n                            style=\"--law-color: #3e4d9c;\"\r\n                            href=\"http:\/\/www.santafe.gob.ar\/ms\/rpjec\/wp-content\/uploads\/sites\/97\/2026\/08\/Resolucion-1_2025.pdf\"\r\n                            target=\"_blank\"\r\n                            rel=\"noopener noreferrer\"\r\n                        >\r\n\r\n                            <div class=\"rpjec-law-top\">\r\n\r\n                                <div class=\"rpjec-law-type\">\r\n                                    RESOLUCI\u00d3N                                <\/div>\r\n\r\n                                <div class=\"rpjec-law-number\">\r\n                                    N\u00b0 1\/2025                                <\/div>\r\n\r\n                                <div class=\"rpjec-law-title\">\r\n                                    Aprobaci\u00f3n del Reglamento General para la Tramitaci\u00f3n Digital del RPJEC.                                <\/div>\r\n\r\n                            <\/div>\r\n\r\n                            <div class=\"rpjec-law-expand\">\r\n\r\n                                <div class=\"rpjec-law-expand-inner\">\r\n\r\n                                    <p class=\"rpjec-law-text\">\r\n                                        Aprueba el Reglamento General para la Tramitaci\u00f3n Digital en el RPJEC, impulsando la modernizaci\u00f3n, simplificaci\u00f3n y despapelizaci\u00f3n de los tr\u00e1mites societarios en Santa Fe.                                    <\/p>\r\n\r\n                                    <span class=\"rpjec-law-more\">\r\n                                        Ver m\u00e1s &rarr;\r\n                                    <\/span>\r\n\r\n                                <\/div>\r\n\r\n                            <\/div>\r\n\r\n                        <\/a>\r\n\r\n                    \r\n                        <a\r\n                            class=\"rpjec-law-card\"\r\n                            style=\"--law-color: #3e4d9c;\"\r\n                            href=\"http:\/\/www.santafe.gob.ar\/ms\/rpjec\/wp-content\/uploads\/sites\/97\/2026\/08\/Ley-14276.pdf\"\r\n                            target=\"_blank\"\r\n                            rel=\"noopener noreferrer\"\r\n                        >\r\n\r\n                            <div class=\"rpjec-law-top\">\r\n\r\n                                <div class=\"rpjec-law-type\">\r\n                                    LEY                                <\/div>\r\n\r\n                                <div class=\"rpjec-law-number\">\r\n                                    N\u00b0 14.276                                <\/div>\r\n\r\n                                <div class=\"rpjec-law-title\">\r\n                                    Ley Org\u00e1nica del Registro de Personas Jur\u00eddicas, Empresas y Contratos.                                <\/div>\r\n\r\n                            <\/div>\r\n\r\n                            <div class=\"rpjec-law-expand\">\r\n\r\n                                <div class=\"rpjec-law-expand-inner\">\r\n\r\n                                    <p class=\"rpjec-law-text\">\r\n                                        Ley org\u00e1nica del RPJEC. Unifica la ex Inspecci\u00f3n General de Personas Jur\u00eddicas y el Registro P\u00fablico de Comercio, y fija las competencias de registro y fiscalizaci\u00f3n del organismo.                                    <\/p>\r\n\r\n                                    <span class=\"rpjec-law-more\">\r\n                                        Ver m\u00e1s &rarr;\r\n                                    <\/span>\r\n\r\n                                <\/div>\r\n\r\n                            <\/div>\r\n\r\n                        <\/a>\r\n\r\n                    \r\n                <\/div>\r\n\r\n            <\/div>\r\n\r\n        \r\n            <div class=\"rpjec-law-section\">\r\n\r\n                <div\r\n                    class=\"rpjec-law-header\"\r\n                    style=\"\r\n                        background-color: #ba2e67;\r\n                        color: #FFFFFF;\r\n                    \"\r\n                >\r\n                    Asociaciones Civiles                <\/div>\r\n\r\n                <div class=\"rpjec-law-grid\">\r\n\r\n                    \r\n                        <a\r\n                            class=\"rpjec-law-card\"\r\n                            style=\"--law-color: #ba2e67;\"\r\n                            href=\"http:\/\/www.santafe.gob.ar\/ms\/rpjec\/wp-content\/uploads\/sites\/97\/2026\/08\/Resolucion-3_2024.pdf\"\r\n                            target=\"_blank\"\r\n                            rel=\"noopener noreferrer\"\r\n                        >\r\n\r\n                            <div class=\"rpjec-law-top\">\r\n\r\n                                <div class=\"rpjec-law-type\">\r\n                                    RESOLUCI\u00d3N                                <\/div>\r\n\r\n                                <div class=\"rpjec-law-number\">\r\n                                    N\u00b0 3\/2024                                <\/div>\r\n\r\n                                <div class=\"rpjec-law-title\">\r\n                                    Procedimiento de normalizaci\u00f3n para asociaciones civiles                                <\/div>\r\n\r\n                            <\/div>\r\n\r\n                            <div class=\"rpjec-law-expand\">\r\n\r\n                                <div class=\"rpjec-law-expand-inner\">\r\n\r\n                                    <p class=\"rpjec-law-text\">\r\n                                        Establece un procedimiento excepcional mediante un delegado normalizador para regularizar asociaciones civiles que carezcan del Registro de Asociados o de autoridades vigentes.                                    <\/p>\r\n\r\n                                    <span class=\"rpjec-law-more\">\r\n                                        Ver m\u00e1s &rarr;\r\n                                    <\/span>\r\n\r\n                                <\/div>\r\n\r\n                            <\/div>\r\n\r\n                        <\/a>\r\n\r\n                    \r\n                        <a\r\n                            class=\"rpjec-law-card\"\r\n                            style=\"--law-color: #ba2e67;\"\r\n                            href=\"http:\/\/www.santafe.gob.ar\/ms\/rpjec\/wp-content\/uploads\/sites\/97\/2026\/08\/Resolucion-5_2019.pdf\"\r\n                            target=\"_blank\"\r\n                            rel=\"noopener noreferrer\"\r\n                        >\r\n\r\n                            <div class=\"rpjec-law-top\">\r\n\r\n                                <div class=\"rpjec-law-type\">\r\n                                    RESOLUCI\u00d3N                                <\/div>\r\n\r\n                                <div class=\"rpjec-law-number\">\r\n                                    N\u00b0 5\/2019                                <\/div>\r\n\r\n                                <div class=\"rpjec-law-title\">\r\n                                    Implementaci\u00f3n del libro de asociados digital para asociaciones civiles.                                <\/div>\r\n\r\n                            <\/div>\r\n\r\n                            <div class=\"rpjec-law-expand\">\r\n\r\n                                <div class=\"rpjec-law-expand-inner\">\r\n\r\n                                    <p class=\"rpjec-law-text\">\r\n                                        Autoriza la implementaci\u00f3n progresiva y optativa del libro de asociados en formato digital para las asociaciones civiles, reemplazando el soporte f\u00edsico para asegurar la conservaci\u00f3n de los datos y brindar mayor seguridad jur\u00eddica.                                    <\/p>\r\n\r\n                                    <span class=\"rpjec-law-more\">\r\n                                        Ver m\u00e1s &rarr;\r\n                                    <\/span>\r\n\r\n                                <\/div>\r\n\r\n                            <\/div>\r\n\r\n                        <\/a>\r\n\r\n                    \r\n                        <a\r\n                            class=\"rpjec-law-card\"\r\n                            style=\"--law-color: #ba2e67;\"\r\n                            href=\"http:\/\/www.santafe.gob.ar\/ms\/rpjec\/wp-content\/uploads\/sites\/97\/2026\/08\/Resolucion-364_2015.pdf\"\r\n                            target=\"_blank\"\r\n                            rel=\"noopener noreferrer\"\r\n                        >\r\n\r\n                            <div class=\"rpjec-law-top\">\r\n\r\n                                <div class=\"rpjec-law-type\">\r\n                                    RESOLUCI\u00d3N                                <\/div>\r\n\r\n                                <div class=\"rpjec-law-number\">\r\n                                    N\u00b0 364\/2015                                <\/div>\r\n\r\n                                <div class=\"rpjec-law-title\">\r\n                                    Libros contables obligatorios para asociaciones civiles y fundaciones                                <\/div>\r\n\r\n                            <\/div>\r\n\r\n                            <div class=\"rpjec-law-expand\">\r\n\r\n                                <div class=\"rpjec-law-expand-inner\">\r\n\r\n                                    <p class=\"rpjec-law-text\">\r\n                                        Establece la obligatoriedad de llevar los libros contables &quot;Diario&quot; e &quot;Inventario y Balance&quot; para las asociaciones civiles y fundaciones, adecuando las formalidades de registraci\u00f3n patrimonial y confecci\u00f3n de estados contables al C\u00f3digo Civil y Comercial.                                    <\/p>\r\n\r\n                                    <span class=\"rpjec-law-more\">\r\n                                        Ver m\u00e1s &rarr;\r\n                                    <\/span>\r\n\r\n                                <\/div>\r\n\r\n                            <\/div>\r\n\r\n                        <\/a>\r\n\r\n                    \r\n                        <a\r\n                            class=\"rpjec-law-card\"\r\n                            style=\"--law-color: #ba2e67;\"\r\n                            href=\"http:\/\/www.santafe.gob.ar\/ms\/rpjec\/wp-content\/uploads\/sites\/97\/2026\/08\/Resolucion-363_2015.pdf\"\r\n                            target=\"_blank\"\r\n                            rel=\"noopener noreferrer\"\r\n                        >\r\n\r\n                            <div class=\"rpjec-law-top\">\r\n\r\n                                <div class=\"rpjec-law-type\">\r\n                                    RESOLUCI\u00d3N                                <\/div>\r\n\r\n                                <div class=\"rpjec-law-number\">\r\n                                    N\u00b0 363\/2015                                <\/div>\r\n\r\n                                <div class=\"rpjec-law-title\">\r\n                                    Contenido obligatorio de la Memoria Anual y el Informe de Fiscalizaci\u00f3n para asociaciones y fundaciones.                                <\/div>\r\n\r\n                            <\/div>\r\n\r\n                            <div class=\"rpjec-law-expand\">\r\n\r\n                                <div class=\"rpjec-law-expand-inner\">\r\n\r\n                                    <p class=\"rpjec-law-text\">\r\n                                        Establece los requisitos m\u00ednimos de informaci\u00f3n que debe contener la Memoria elaborada por los \u00f3rganos de administraci\u00f3n, junto con los lineamientos que debe cumplir el informe del \u00f3rgano de fiscalizaci\u00f3n al evaluar los estados contables de las asociaciones civiles y fundaciones.                                    <\/p>\r\n\r\n                                    <span class=\"rpjec-law-more\">\r\n                                        Ver m\u00e1s &rarr;\r\n                                    <\/span>\r\n\r\n                                <\/div>\r\n\r\n                            <\/div>\r\n\r\n                        <\/a>\r\n\r\n                    \r\n                        <a\r\n                            class=\"rpjec-law-card\"\r\n                            style=\"--law-color: #ba2e67;\"\r\n                            href=\"http:\/\/www.santafe.gob.ar\/ms\/rpjec\/wp-content\/uploads\/sites\/97\/2026\/08\/Resolucion-44_2000.pdf\"\r\n                            target=\"_blank\"\r\n                            rel=\"noopener noreferrer\"\r\n                        >\r\n\r\n                            <div class=\"rpjec-law-top\">\r\n\r\n                                <div class=\"rpjec-law-type\">\r\n                                    RESOLUCI\u00d3N                                <\/div>\r\n\r\n                                <div class=\"rpjec-law-number\">\r\n                                    N\u00b0 44\/2000                                <\/div>\r\n\r\n                                <div class=\"rpjec-law-title\">\r\n                                    Establece el contenido que debe tener el Estado de Resultados                                <\/div>\r\n\r\n                            <\/div>\r\n\r\n                            <div class=\"rpjec-law-expand\">\r\n\r\n                                <div class=\"rpjec-law-expand-inner\">\r\n\r\n                                    <p class=\"rpjec-law-text\">\r\n                                        Establece la obligaci\u00f3n para las asociaciones civiles y fundaciones de detallar en sus estados contables los subsidios, donaciones y contratos provenientes del Estado.                                    <\/p>\r\n\r\n                                    <span class=\"rpjec-law-more\">\r\n                                        Ver m\u00e1s &rarr;\r\n                                    <\/span>\r\n\r\n                                <\/div>\r\n\r\n                            <\/div>\r\n\r\n                        <\/a>\r\n\r\n                    \r\n                        <a\r\n                            class=\"rpjec-law-card\"\r\n                            style=\"--law-color: #ba2e67;\"\r\n                            href=\"http:\/\/www.santafe.gob.ar\/ms\/rpjec\/wp-content\/uploads\/sites\/97\/2026\/08\/Resolucion-140_1982.pdf\"\r\n                            target=\"_blank\"\r\n                            rel=\"noopener noreferrer\"\r\n                        >\r\n\r\n                            <div class=\"rpjec-law-top\">\r\n\r\n                                <div class=\"rpjec-law-type\">\r\n                                    RESOLUCI\u00d3N                                <\/div>\r\n\r\n                                <div class=\"rpjec-law-number\">\r\n                                    N\u00b0 140\/1982                                <\/div>\r\n\r\n                                <div class=\"rpjec-law-title\">\r\n                                    Prohibici\u00f3n de fines lucrativos en el objeto de las asociaciones.                                <\/div>\r\n\r\n                            <\/div>\r\n\r\n                            <div class=\"rpjec-law-expand\">\r\n\r\n                                <div class=\"rpjec-law-expand-inner\">\r\n\r\n                                    <p class=\"rpjec-law-text\">\r\n                                        Establece que las asociaciones no deben tener car\u00e1cter lucrativo ni reportar ventajas econ\u00f3micas para sus miembros, facultando a la autoridad a exigir la inclusi\u00f3n de esta aclaraci\u00f3n en los estatutos cuyo objeto resulte ambiguo.                                    <\/p>\r\n\r\n                                    <span class=\"rpjec-law-more\">\r\n                                        Ver m\u00e1s &rarr;\r\n                                    <\/span>\r\n\r\n                                <\/div>\r\n\r\n                            <\/div>\r\n\r\n                        <\/a>\r\n\r\n                    \r\n                        <a\r\n                            class=\"rpjec-law-card\"\r\n                            style=\"--law-color: #ba2e67;\"\r\n                            href=\"http:\/\/www.santafe.gob.ar\/ms\/rpjec\/wp-content\/uploads\/sites\/97\/2026\/08\/Resolucion-357_1978.pdf\"\r\n                            target=\"_blank\"\r\n                            rel=\"noopener noreferrer\"\r\n                        >\r\n\r\n                            <div class=\"rpjec-law-top\">\r\n\r\n                                <div class=\"rpjec-law-type\">\r\n                                    RESOLUCI\u00d3N                                <\/div>\r\n\r\n                                <div class=\"rpjec-law-number\">\r\n                                    N\u00b0 357\/1978                                <\/div>\r\n\r\n                                <div class=\"rpjec-law-title\">\r\n                                    Prohibici\u00f3n del uso del t\u00e9rmino &quot;Colegio&quot; en asociaciones profesionales.                                <\/div>\r\n\r\n                            <\/div>\r\n\r\n                            <div class=\"rpjec-law-expand\">\r\n\r\n                                <div class=\"rpjec-law-expand-inner\">\r\n\r\n                                    <p class=\"rpjec-law-text\">\r\n                                        Proh\u00edbe utilizar la palabra &quot;Colegio&quot; en la denominaci\u00f3n de asociaciones de profesionales que no hayan sido creadas por ley, con el fin de evitar confusiones con entidades oficiales y exigiendo la modificaci\u00f3n del nombre para las ya existentes.                                    <\/p>\r\n\r\n                                    <span class=\"rpjec-law-more\">\r\n                                        Ver m\u00e1s &rarr;\r\n                                    <\/span>\r\n\r\n                                <\/div>\r\n\r\n                            <\/div>\r\n\r\n                        <\/a>\r\n\r\n                    \r\n                        <a\r\n                            class=\"rpjec-law-card\"\r\n                            style=\"--law-color: #ba2e67;\"\r\n                            href=\"http:\/\/www.santafe.gob.ar\/ms\/rpjec\/wp-content\/uploads\/sites\/97\/2026\/08\/Resolucion-General-nro-1-2024-Boletin-Oficial.pdf\"\r\n                            target=\"_blank\"\r\n                            rel=\"noopener noreferrer\"\r\n                        >\r\n\r\n                            <div class=\"rpjec-law-top\">\r\n\r\n                                <div class=\"rpjec-law-type\">\r\n                                    RESOLUCI\u00d3N                                <\/div>\r\n\r\n                                <div class=\"rpjec-law-number\">\r\n                                    N\u00b0 1\/2024                                <\/div>\r\n\r\n                                <div class=\"rpjec-law-title\">\r\n                                    Subsistencia para disposici\u00f3n o gravamen de bienes registrables.                                <\/div>\r\n\r\n                            <\/div>\r\n\r\n                            <div class=\"rpjec-law-expand\">\r\n\r\n                                <div class=\"rpjec-law-expand-inner\">\r\n\r\n                                    <p class=\"rpjec-law-text\">\r\n                                        Regula la emisi\u00f3n del certificado de subsistencia para asociaciones civiles y fundaciones, estableciendo controles m\u00e1s estrictos y requisitos espec\u00edficos cuando este documento sea solicitado para la disposici\u00f3n o gravamen de bienes inmuebles.                                    <\/p>\r\n\r\n                                    <span class=\"rpjec-law-more\">\r\n                                        Ver m\u00e1s &rarr;\r\n                                    <\/span>\r\n\r\n                                <\/div>\r\n\r\n                            <\/div>\r\n\r\n                        <\/a>\r\n\r\n                    \r\n                <\/div>\r\n\r\n            <\/div>\r\n\r\n        \r\n            <div class=\"rpjec-law-section\">\r\n\r\n                <div\r\n                    class=\"rpjec-law-header\"\r\n                    style=\"\r\n                        background-color: #e62555;\r\n                        color: #FFFFFF;\r\n                    \"\r\n                >\r\n                    Fundaciones                <\/div>\r\n\r\n                <div class=\"rpjec-law-grid\">\r\n\r\n                    \r\n                        <a\r\n                            class=\"rpjec-law-card\"\r\n                            style=\"--law-color: #e62555;\"\r\n                            href=\"http:\/\/www.santafe.gob.ar\/ms\/rpjec\/wp-content\/uploads\/sites\/97\/2026\/08\/Resolucion-General-nro-1-2024-Boletin-Oficial.pdf\"\r\n                            target=\"_blank\"\r\n                            rel=\"noopener noreferrer\"\r\n                        >\r\n\r\n                            <div class=\"rpjec-law-top\">\r\n\r\n                                <div class=\"rpjec-law-type\">\r\n                                    RESOLUCI\u00d3N                                <\/div>\r\n\r\n                                <div class=\"rpjec-law-number\">\r\n                                    N\u00b0 1\/2024                                <\/div>\r\n\r\n                                <div class=\"rpjec-law-title\">\r\n                                    Subsistencia para disposici\u00f3n o gravamen de bienes registrables.                                <\/div>\r\n\r\n                            <\/div>\r\n\r\n                            <div class=\"rpjec-law-expand\">\r\n\r\n                                <div class=\"rpjec-law-expand-inner\">\r\n\r\n                                    <p class=\"rpjec-law-text\">\r\n                                        Regula la emisi\u00f3n del certificado de subsistencia para asociaciones civiles y fundaciones, estableciendo controles m\u00e1s estrictos y requisitos espec\u00edficos cuando este documento sea solicitado para la disposici\u00f3n o gravamen de bienes inmuebles.                                    <\/p>\r\n\r\n                                    <span class=\"rpjec-law-more\">\r\n                                        Ver m\u00e1s &rarr;\r\n                                    <\/span>\r\n\r\n                                <\/div>\r\n\r\n                            <\/div>\r\n\r\n                        <\/a>\r\n\r\n                    \r\n                        <a\r\n                            class=\"rpjec-law-card\"\r\n                            style=\"--law-color: #e62555;\"\r\n                            href=\"http:\/\/www.santafe.gob.ar\/ms\/rpjec\/wp-content\/uploads\/sites\/97\/2026\/08\/Resolucion-2_2024.pdf\"\r\n                            target=\"_blank\"\r\n                            rel=\"noopener noreferrer\"\r\n                        >\r\n\r\n                            <div class=\"rpjec-law-top\">\r\n\r\n                                <div class=\"rpjec-law-type\">\r\n                                    RESOLUCI\u00d3N                                <\/div>\r\n\r\n                                <div class=\"rpjec-law-number\">\r\n                                    N\u00b0 2\/2024                                <\/div>\r\n\r\n                                <div class=\"rpjec-law-title\">\r\n                                    Actualizaci\u00f3n del patrimonio inicial m\u00ednimo para fundaciones.                                <\/div>\r\n\r\n                            <\/div>\r\n\r\n                            <div class=\"rpjec-law-expand\">\r\n\r\n                                <div class=\"rpjec-law-expand-inner\">\r\n\r\n                                    <p class=\"rpjec-law-text\">\r\n                                        Fija el patrimonio inicial m\u00ednimo requerido para constituir fundaciones en cuatro mil Unidades Fijas, actualizando el monto para garantizar razonablemente el cumplimiento de sus fines estatutarios.                                    <\/p>\r\n\r\n                                    <span class=\"rpjec-law-more\">\r\n                                        Ver m\u00e1s &rarr;\r\n                                    <\/span>\r\n\r\n                                <\/div>\r\n\r\n                            <\/div>\r\n\r\n                        <\/a>\r\n\r\n                    \r\n                        <a\r\n                            class=\"rpjec-law-card\"\r\n                            style=\"--law-color: #e62555;\"\r\n                            href=\"http:\/\/www.santafe.gob.ar\/ms\/rpjec\/wp-content\/uploads\/sites\/97\/2026\/08\/Resolucion-364_2015-1.pdf\"\r\n                            target=\"_blank\"\r\n                            rel=\"noopener noreferrer\"\r\n                        >\r\n\r\n                            <div class=\"rpjec-law-top\">\r\n\r\n                                <div class=\"rpjec-law-type\">\r\n                                    RESOLUCI\u00d3N                                <\/div>\r\n\r\n                                <div class=\"rpjec-law-number\">\r\n                                    N\u00b0 364\/2015                                <\/div>\r\n\r\n                                <div class=\"rpjec-law-title\">\r\n                                    Libros contables obligatorios para asociaciones civiles y fundaciones                                <\/div>\r\n\r\n                            <\/div>\r\n\r\n                            <div class=\"rpjec-law-expand\">\r\n\r\n                                <div class=\"rpjec-law-expand-inner\">\r\n\r\n                                    <p class=\"rpjec-law-text\">\r\n                                        Establece la obligatoriedad de llevar los libros contables &quot;Diario&quot; e &quot;Inventario y Balance&quot; para las asociaciones civiles y fundaciones, adecuando las formalidades de registraci\u00f3n patrimonial y confecci\u00f3n de estados contables al C\u00f3digo Civil y Comercial.                                    <\/p>\r\n\r\n                                    <span class=\"rpjec-law-more\">\r\n                                        Ver m\u00e1s &rarr;\r\n                                    <\/span>\r\n\r\n                                <\/div>\r\n\r\n                            <\/div>\r\n\r\n                        <\/a>\r\n\r\n                    \r\n                        <a\r\n                            class=\"rpjec-law-card\"\r\n                            style=\"--law-color: #e62555;\"\r\n                            href=\"http:\/\/www.santafe.gob.ar\/ms\/rpjec\/wp-content\/uploads\/sites\/97\/2026\/08\/Resolucion-363_2015-1.pdf\"\r\n                            target=\"_blank\"\r\n                            rel=\"noopener noreferrer\"\r\n                        >\r\n\r\n                            <div class=\"rpjec-law-top\">\r\n\r\n                                <div class=\"rpjec-law-type\">\r\n                                    RESOLUCI\u00d3N                                <\/div>\r\n\r\n                                <div class=\"rpjec-law-number\">\r\n                                    N\u00b0 363\/2015                                <\/div>\r\n\r\n                                <div class=\"rpjec-law-title\">\r\n                                    Contenido obligatorio de la Memoria Anual y el Informe de Fiscalizaci\u00f3n para asociaciones y fundaciones.                                <\/div>\r\n\r\n                            <\/div>\r\n\r\n                            <div class=\"rpjec-law-expand\">\r\n\r\n                                <div class=\"rpjec-law-expand-inner\">\r\n\r\n                                    <p class=\"rpjec-law-text\">\r\n                                        Establece los requisitos m\u00ednimos de informaci\u00f3n que debe contener la Memoria elaborada por los \u00f3rganos de administraci\u00f3n, junto con los lineamientos que debe cumplir el informe del \u00f3rgano de fiscalizaci\u00f3n al evaluar los estados contables de las asociaciones civiles y fundaciones.                                    <\/p>\r\n\r\n                                    <span class=\"rpjec-law-more\">\r\n                                        Ver m\u00e1s &rarr;\r\n                                    <\/span>\r\n\r\n                                <\/div>\r\n\r\n                            <\/div>\r\n\r\n                        <\/a>\r\n\r\n                    \r\n                        <a\r\n                            class=\"rpjec-law-card\"\r\n                            style=\"--law-color: #e62555;\"\r\n                            href=\"http:\/\/www.santafe.gob.ar\/ms\/rpjec\/wp-content\/uploads\/sites\/97\/2026\/08\/Resolucion-44_2000-1.pdf\"\r\n                            target=\"_blank\"\r\n                            rel=\"noopener noreferrer\"\r\n                        >\r\n\r\n                            <div class=\"rpjec-law-top\">\r\n\r\n                                <div class=\"rpjec-law-type\">\r\n                                    RESOLUCI\u00d3N                                <\/div>\r\n\r\n                                <div class=\"rpjec-law-number\">\r\n                                    N\u00b0 44\/2000                                <\/div>\r\n\r\n                                <div class=\"rpjec-law-title\">\r\n                                    Establece el contenido que debe tener el Estado de Resultados                                <\/div>\r\n\r\n                            <\/div>\r\n\r\n                            <div class=\"rpjec-law-expand\">\r\n\r\n                                <div class=\"rpjec-law-expand-inner\">\r\n\r\n                                    <p class=\"rpjec-law-text\">\r\n                                        Establece la obligaci\u00f3n para las asociaciones civiles y fundaciones de detallar en sus estados contables los subsidios, donaciones y contratos provenientes del Estado.                                    <\/p>\r\n\r\n                                    <span class=\"rpjec-law-more\">\r\n                                        Ver m\u00e1s &rarr;\r\n                                    <\/span>\r\n\r\n                                <\/div>\r\n\r\n                            <\/div>\r\n\r\n                        <\/a>\r\n\r\n                    \r\n                <\/div>\r\n\r\n            <\/div>\r\n\r\n        \r\n            <div class=\"rpjec-law-section\">\r\n\r\n                <div\r\n                    class=\"rpjec-law-header\"\r\n                    style=\"\r\n                        background-color: #e9496b;\r\n                        color: #FFFFFF;\r\n                    \"\r\n                >\r\n                    Sociedades An\u00f3nimas                <\/div>\r\n\r\n                <div class=\"rpjec-law-grid\">\r\n\r\n                    \r\n                        <a\r\n                            class=\"rpjec-law-card\"\r\n                            style=\"--law-color: #e9496b;\"\r\n                            href=\"http:\/\/www.santafe.gob.ar\/ms\/rpjec\/wp-content\/uploads\/sites\/97\/2026\/08\/Resolucion-359_1975.pdf\"\r\n                            target=\"_blank\"\r\n                            rel=\"noopener noreferrer\"\r\n                        >\r\n\r\n                            <div class=\"rpjec-law-top\">\r\n\r\n                                <div class=\"rpjec-law-type\">\r\n                                    RESOLUCI\u00d3N                                <\/div>\r\n\r\n                                <div class=\"rpjec-law-number\">\r\n                                    N\u00b0 359\/1975                                <\/div>\r\n\r\n                                <div class=\"rpjec-law-title\">\r\n                                    Requisitos de presentaci\u00f3n de documentaci\u00f3n asamblearia y contable.                                <\/div>\r\n\r\n                            <\/div>\r\n\r\n                            <div class=\"rpjec-law-expand\">\r\n\r\n                                <div class=\"rpjec-law-expand-inner\">\r\n\r\n                                    <p class=\"rpjec-law-text\">\r\n                                        Establece la documentaci\u00f3n obligatoria y los plazos legales que deben cumplir las sociedades por acciones, asociaciones civiles y fundaciones para presentar informaci\u00f3n contable y societaria tanto antes como despu\u00e9s de la celebraci\u00f3n de sus asambleas o reuniones de consejo.                                    <\/p>\r\n\r\n                                    <span class=\"rpjec-law-more\">\r\n                                        Ver m\u00e1s &rarr;\r\n                                    <\/span>\r\n\r\n                                <\/div>\r\n\r\n                            <\/div>\r\n\r\n                        <\/a>\r\n\r\n                    \r\n                <\/div>\r\n\r\n            <\/div>\r\n\r\n        \r\n            <div class=\"rpjec-law-section\">\r\n\r\n                <div\r\n                    class=\"rpjec-law-header\"\r\n                    style=\"\r\n                        background-color: #ed6c7f;\r\n                        color: #FFFFFF;\r\n                    \"\r\n                >\r\n                    SRL y otros tipos societarios                <\/div>\r\n\r\n                <div class=\"rpjec-law-grid\">\r\n\r\n                    \r\n                        <a\r\n                            class=\"rpjec-law-card\"\r\n                            style=\"--law-color: #ed6c7f;\"\r\n                            href=\"http:\/\/www.santafe.gob.ar\/ms\/rpjec\/wp-content\/uploads\/sites\/97\/2026\/08\/Resolucion-85_2018.pdf\"\r\n                            target=\"_blank\"\r\n                            rel=\"noopener noreferrer\"\r\n                        >\r\n\r\n                            <div class=\"rpjec-law-top\">\r\n\r\n                                <div class=\"rpjec-law-type\">\r\n                                    RESOLUCI\u00d3N                                <\/div>\r\n\r\n                                <div class=\"rpjec-law-number\">\r\n                                    N\u00b0 85\/2018                                <\/div>\r\n\r\n                                <div class=\"rpjec-law-title\">\r\n                                    Aprobaci\u00f3n de Estatutos Modelo para Sociedades por Acciones Simplificadas (SAS)                                <\/div>\r\n\r\n                            <\/div>\r\n\r\n                            <div class=\"rpjec-law-expand\">\r\n\r\n                                <div class=\"rpjec-law-expand-inner\">\r\n\r\n                                    <p class=\"rpjec-law-text\">\r\n                                        Aprueba dos modelos de estatuto para la constituci\u00f3n de Sociedades por Acciones Simplificadas (SAS) en la provincia de Santa Fe, con el fin de agilizar su inscripci\u00f3n otorgando tr\u00e1mite prioritario a quienes los adopten sin modificaciones.                                    <\/p>\r\n\r\n                                    <span class=\"rpjec-law-more\">\r\n                                        Ver m\u00e1s &rarr;\r\n                                    <\/span>\r\n\r\n                                <\/div>\r\n\r\n                            <\/div>\r\n\r\n                        <\/a>\r\n\r\n                    \r\n                <\/div>\r\n\r\n            <\/div>\r\n\r\n        \r\n            <div class=\"rpjec-law-section\">\r\n\r\n                <div\r\n                    class=\"rpjec-law-header\"\r\n                    style=\"\r\n                        background-color: #ee7147;\r\n                        color: #FFFFFF;\r\n                    \"\r\n                >\r\n                    Sociedades Extranjeras                <\/div>\r\n\r\n                <div class=\"rpjec-law-grid\">\r\n\r\n                    \r\n                        <a\r\n                            class=\"rpjec-law-card\"\r\n                            style=\"--law-color: #ee7147;\"\r\n                            href=\"http:\/\/www.santafe.gob.ar\/ms\/rpjec\/wp-content\/uploads\/sites\/97\/2026\/08\/Resolucion-321_2004.pdf\"\r\n                            target=\"_blank\"\r\n                            rel=\"noopener noreferrer\"\r\n                        >\r\n\r\n                            <div class=\"rpjec-law-top\">\r\n\r\n                                <div class=\"rpjec-law-type\">\r\n                                    RESOLUCI\u00d3N                                <\/div>\r\n\r\n                                <div class=\"rpjec-law-number\">\r\n                                    N\u00b0 321\/2004                                <\/div>\r\n\r\n                                <div class=\"rpjec-law-title\">\r\n                                    Control y registro de sociedades constituidas en el extranjero.                                <\/div>\r\n\r\n                            <\/div>\r\n\r\n                            <div class=\"rpjec-law-expand\">\r\n\r\n                                <div class=\"rpjec-law-expand-inner\">\r\n\r\n                                    <p class=\"rpjec-law-text\">\r\n                                        Establece los requisitos de inscripci\u00f3n y fiscalizaci\u00f3n para las sociedades extranjeras que operen en Santa Fe, creando adem\u00e1s un registro administrativo espec\u00edfico para su control y la prevenci\u00f3n de fraudes societarios.                                    <\/p>\r\n\r\n                                    <span class=\"rpjec-law-more\">\r\n                                        Ver m\u00e1s &rarr;\r\n                                    <\/span>\r\n\r\n                                <\/div>\r\n\r\n                            <\/div>\r\n\r\n                        <\/a>\r\n\r\n                    \r\n                <\/div>\r\n\r\n            <\/div>\r\n\r\n        \r\n            <div class=\"rpjec-law-section\">\r\n\r\n                <div\r\n                    class=\"rpjec-law-header\"\r\n                    style=\"\r\n                        background-color: #ee741c;\r\n                        color: #FFFFFF;\r\n                    \"\r\n                >\r\n                    Contratos                <\/div>\r\n\r\n                <div class=\"rpjec-law-grid\">\r\n\r\n                    \r\n                        <a\r\n                            class=\"rpjec-law-card\"\r\n                            style=\"--law-color: #ee741c;\"\r\n                            href=\"http:\/\/www.santafe.gob.ar\/ms\/rpjec\/wp-content\/uploads\/sites\/97\/2026\/08\/Ley-14377.pdf\"\r\n                            target=\"_blank\"\r\n                            rel=\"noopener noreferrer\"\r\n                        >\r\n\r\n                            <div class=\"rpjec-law-top\">\r\n\r\n                                <div class=\"rpjec-law-type\">\r\n                                    LEY                                <\/div>\r\n\r\n                                <div class=\"rpjec-law-number\">\r\n                                    N\u00b0 14.377                                <\/div>\r\n\r\n                                <div class=\"rpjec-law-title\">\r\n                                    Ley de registraci\u00f3n de fideicomisos y beneficiarios finales.                                <\/div>\r\n\r\n                            <\/div>\r\n\r\n                            <div class=\"rpjec-law-expand\">\r\n\r\n                                <div class=\"rpjec-law-expand-inner\">\r\n\r\n                                    <p class=\"rpjec-law-text\">\r\n                                        Crea el Registro de contratos de fideicomiso y el Registro P\u00fablico de Beneficiarios Finales en la provincia de Santa Fe, con el fin de promover la transparencia fiscal y prevenir el lavado de activos.                                    <\/p>\r\n\r\n                                    <span class=\"rpjec-law-more\">\r\n                                        Ver m\u00e1s &rarr;\r\n                                    <\/span>\r\n\r\n                                <\/div>\r\n\r\n                            <\/div>\r\n\r\n                        <\/a>\r\n\r\n                    \r\n                <\/div>\r\n\r\n            <\/div>\r\n\r\n        \r\n            <div class=\"rpjec-law-section\">\r\n\r\n                <div\r\n                    class=\"rpjec-law-header\"\r\n                    style=\"\r\n                        background-color: #f6a110;\r\n                        color: #282e49;\r\n                    \"\r\n                >\r\n                    Colegios Profesionales                <\/div>\r\n\r\n                <div class=\"rpjec-law-grid\">\r\n\r\n                    \r\n                        <a\r\n                            class=\"rpjec-law-card\"\r\n                            style=\"--law-color: #f6a110;\"\r\n                            href=\"http:\/\/www.santafe.gob.ar\/ms\/rpjec\/wp-content\/uploads\/sites\/97\/2026\/08\/Ley-11.089.pdf\"\r\n                            target=\"_blank\"\r\n                            rel=\"noopener noreferrer\"\r\n                        >\r\n\r\n                            <div class=\"rpjec-law-top\">\r\n\r\n                                <div class=\"rpjec-law-type\">\r\n                                    LEY                                <\/div>\r\n\r\n                                <div class=\"rpjec-law-number\">\r\n                                    N\u00b0 11.089                                <\/div>\r\n\r\n                                <div class=\"rpjec-law-title\">\r\n                                    Regulaci\u00f3n de instituciones y honorarios profesionales.                                <\/div>\r\n\r\n                            <\/div>\r\n\r\n                            <div class=\"rpjec-law-expand\">\r\n\r\n                                <div class=\"rpjec-law-expand-inner\">\r\n\r\n                                    <p class=\"rpjec-law-text\">\r\n                                        Establece las pautas de funcionamiento y organizaci\u00f3n de los Colegios y Consejos Profesionales en la provincia, habilitando adem\u00e1s el libre acuerdo de honorarios entre los profesionales y sus comitentes.                                    <\/p>\r\n\r\n                                    <span class=\"rpjec-law-more\">\r\n                                        Ver m\u00e1s &rarr;\r\n                                    <\/span>\r\n\r\n                                <\/div>\r\n\r\n                            <\/div>\r\n\r\n                        <\/a>\r\n\r\n                    \r\n                <\/div>\r\n\r\n            <\/div>\r\n\r\n        \r\n            <div class=\"rpjec-law-section\">\r\n\r\n                <div\r\n                    class=\"rpjec-law-header\"\r\n                    style=\"\r\n                        background-color: #feca05;\r\n                        color: #282e49;\r\n                    \"\r\n                >\r\n                    Entidades Religiosas                <\/div>\r\n\r\n                <div class=\"rpjec-law-grid\">\r\n\r\n                    \r\n                        <a\r\n                            class=\"rpjec-law-card\"\r\n                            style=\"--law-color: #feca05;\"\r\n                            href=\"http:\/\/www.santafe.gob.ar\/ms\/rpjec\/wp-content\/uploads\/sites\/97\/2026\/08\/Decreto-454_2025.pdf\"\r\n                            target=\"_blank\"\r\n                            rel=\"noopener noreferrer\"\r\n                        >\r\n\r\n                            <div class=\"rpjec-law-top\">\r\n\r\n                                <div class=\"rpjec-law-type\">\r\n                                    DECRETO                                <\/div>\r\n\r\n                                <div class=\"rpjec-law-number\">\r\n                                    N\u00b0 454\/2025                                <\/div>\r\n\r\n                                <div class=\"rpjec-law-title\">\r\n                                    Creaci\u00f3n del Registro de entidades religiosas y r\u00fabrica de libros contables.                                <\/div>\r\n\r\n                            <\/div>\r\n\r\n                            <div class=\"rpjec-law-expand\">\r\n\r\n                                <div class=\"rpjec-law-expand-inner\">\r\n\r\n                                    <p class=\"rpjec-law-text\">\r\n                                        Crea un registro espec\u00edfico para iglesias y entidades religiosas, eximi\u00e9ndolas de la obligaci\u00f3n de constituirse como asociaciones civiles o fundaciones y habilitando la r\u00fabrica de sus libros contables.                                    <\/p>\r\n\r\n                                    <span class=\"rpjec-law-more\">\r\n                                        Ver m\u00e1s &rarr;\r\n                                    <\/span>\r\n\r\n                                <\/div>\r\n\r\n                            <\/div>\r\n\r\n                        <\/a>\r\n\r\n                    \r\n                <\/div>\r\n\r\n            <\/div>\r\n\r\n        \r\n            <div class=\"rpjec-law-section\">\r\n\r\n                <div\r\n                    class=\"rpjec-law-header\"\r\n                    style=\"\r\n                        background-color: #282e49;\r\n                        color: #FFFFFF;\r\n                    \"\r\n                >\r\n                    Circulares                <\/div>\r\n\r\n                <div class=\"rpjec-law-grid\">\r\n\r\n                    \r\n                        <a\r\n                            class=\"rpjec-law-card\"\r\n                            style=\"--law-color: #282e49;\"\r\n                            href=\"http:\/\/www.santafe.gob.ar\/ms\/rpjec\/wp-content\/uploads\/sites\/97\/2026\/08\/Circular-1_2026.pdf\"\r\n                            target=\"_blank\"\r\n                            rel=\"noopener noreferrer\"\r\n                        >\r\n\r\n                            <div class=\"rpjec-law-top\">\r\n\r\n                                <div class=\"rpjec-law-type\">\r\n                                    CIRCULAR                                <\/div>\r\n\r\n                                <div class=\"rpjec-law-number\">\r\n                                    N\u00b0 1\/2026                                <\/div>\r\n\r\n                                <div class=\"rpjec-law-title\">\r\n                                    Uso de firma electr\u00f3nica y criterios operativos en tr\u00e1mites del RPJEC.                                <\/div>\r\n\r\n                            <\/div>\r\n\r\n                            <div class=\"rpjec-law-expand\">\r\n\r\n                                <div class=\"rpjec-law-expand-inner\">\r\n\r\n                                    <p class=\"rpjec-law-text\">\r\n                                        Habilita el uso del Firmador Web provincial para suscribir declaraciones juradas y diversos tr\u00e1mites societarios, unificando adem\u00e1s criterios operativos sobre la publicaci\u00f3n de edictos y la firma en fideicomisos previos a 2025.                                    <\/p>\r\n\r\n                                    <span class=\"rpjec-law-more\">\r\n                                        Ver m\u00e1s &rarr;\r\n                                    <\/span>\r\n\r\n                                <\/div>\r\n\r\n                            <\/div>\r\n\r\n                        <\/a>\r\n\r\n                    \r\n                        <a\r\n                            class=\"rpjec-law-card\"\r\n                            style=\"--law-color: #282e49;\"\r\n                            href=\"http:\/\/www.santafe.gob.ar\/ms\/rpjec\/wp-content\/uploads\/sites\/97\/2026\/08\/Circular-2_2026.pdf\"\r\n                            target=\"_blank\"\r\n                            rel=\"noopener noreferrer\"\r\n                        >\r\n\r\n                            <div class=\"rpjec-law-top\">\r\n\r\n                                <div class=\"rpjec-law-type\">\r\n                                    CIRCULAR                                <\/div>\r\n\r\n                                <div class=\"rpjec-law-number\">\r\n                                    N\u00b0 2\/2026                                <\/div>\r\n\r\n                                <div class=\"rpjec-law-title\">\r\n                                    Criterios operativos sobre &quot;acto \u00fanico&quot; y declaraciones UIF en el RPJEC.                                <\/div>\r\n\r\n                            <\/div>\r\n\r\n                            <div class=\"rpjec-law-expand\">\r\n\r\n                                <div class=\"rpjec-law-expand-inner\">\r\n\r\n                                    <p class=\"rpjec-law-text\">\r\n                                        Unifica la interpretaci\u00f3n del RPJEC sobre el concepto de &quot;acto \u00fanico&quot; en la constituci\u00f3n de entidades y elimina la exigencia innecesaria de presentar declaraciones juradas de sujeto obligado y de beneficiario final cuando intervienen exclusivamente personas humanas.                                    <\/p>\r\n\r\n                                    <span class=\"rpjec-law-more\">\r\n                                        Ver m\u00e1s &rarr;\r\n                                    <\/span>\r\n\r\n                                <\/div>\r\n\r\n                            <\/div>\r\n\r\n                        <\/a>\r\n\r\n                    \r\n                <\/div>\r\n\r\n            <\/div>\r\n\r\n        \r\n    <\/div>\r\n\r\n    <style>\r\n\r\n    .rpjec-normativa-wrap {\r\n        max-width: 1200px;\r\n        margin: 40px auto;\r\n        padding: 0 20px;\r\n    }\r\n\r\n    .rpjec-law-section {\r\n        margin-bottom: 44px;\r\n    }\r\n\r\n    .rpjec-law-header {\r\n        font-family: 'Inter', sans-serif;\r\n        font-weight: 800;\r\n        font-size: 26px;\r\n        padding: 20px 28px;\r\n        border-radius: 8px 8px 0 0;\r\n    }\r\n\r\n    .rpjec-law-grid {\r\n        display: grid;\r\n        grid-template-columns: repeat(3, 1fr);\r\n        gap: 20px;\r\n        background: #eef0f2;\r\n        padding: 24px;\r\n        border-radius: 0 0 8px 8px;\r\n        align-items: start;\r\n    }\r\n\r\n    .rpjec-law-card {\r\n        display: block;\r\n        background: #f6f7f8;\r\n        border-radius: 8px;\r\n        text-decoration: none;\r\n        overflow: hidden;\r\n        box-shadow: 0 1px 3px rgba(0,0,0,0.08);\r\n        transition: box-shadow 0.25s ease;\r\n    }\r\n\r\n    .rpjec-law-card:hover {\r\n        box-shadow: 0 8px 20px rgba(0,0,0,0.15);\r\n    }\r\n\r\n    .rpjec-law-top {\r\n        padding: 22px 24px 18px;\r\n    }\r\n\r\n    .rpjec-law-type {\r\n        font-family: 'Inter', sans-serif;\r\n        font-weight: 700;\r\n        font-size: 12px;\r\n        letter-spacing: 1px;\r\n        color: #8A8A95;\r\n        margin-bottom: 10px;\r\n        padding-bottom: 10px;\r\n        border-bottom: 1px solid #d5d5dc;\r\n    }\r\n\r\n    .rpjec-law-number {\r\n        font-family: 'Inter', sans-serif;\r\n        font-weight: 800;\r\n        font-size: 26px;\r\n        color: var(--law-color, #3d4d9c);\r\n        margin-bottom: 10px;\r\n        padding-bottom: 14px;\r\n        border-bottom: 1px solid #d5d5dc;\r\n    }\r\n\r\n    .rpjec-law-title {\r\n        font-family: 'Inter', sans-serif;\r\n        font-weight: 600;\r\n        font-size: 15px;\r\n        line-height: 1.4;\r\n        color: #4A4A5C;\r\n    }\r\n\r\n    .rpjec-law-expand {\r\n        max-height: 0;\r\n        opacity: 0;\r\n        overflow: hidden;\r\n        transition: max-height 0.4s ease, opacity 0.3s ease;\r\n        background: var(--law-color, #3d4d9c);\r\n    }\r\n\r\n    .rpjec-law-card:hover .rpjec-law-expand,\r\n    .rpjec-law-card:focus-within .rpjec-law-expand {\r\n        max-height: 320px;\r\n        opacity: 1;\r\n    }\r\n\r\n    .rpjec-law-expand-inner {\r\n        padding: 20px 24px 24px;\r\n        border-top: 1px solid rgba(255,255,255,0.35);\r\n    }\r\n\r\n    .rpjec-law-text {\r\n        font-family: 'Inter', sans-serif;\r\n        font-weight: 400;\r\n        font-size: 14px;\r\n        line-height: 1.5;\r\n        color: #FFFFFF;\r\n        margin: 12px 0 16px 0;\r\n    }\r\n\r\n    .rpjec-law-more {\r\n        font-family: 'Inter', sans-serif;\r\n        font-weight: 700;\r\n        font-size: 14px;\r\n        color: #FFFFFF;\r\n        display: inline-block;\r\n        padding-top: 12px;\r\n        border-top: 1px solid rgba(255,255,255,0.35);\r\n        width: 100%;\r\n    }\r\n\r\n    @media (max-width: 980px) {\r\n\r\n        .rpjec-law-grid {\r\n            grid-template-columns: repeat(2, 1fr);\r\n        }\r\n\r\n    }\r\n\r\n    @media (max-width: 600px) {\r\n\r\n        .rpjec-law-grid {\r\n            grid-template-columns: 1fr;\r\n            padding: 16px;\r\n        }\r\n\r\n        .rpjec-law-header {\r\n            font-size: 21px;\r\n            padding: 16px 20px;\r\n        }\r\n\r\n        .rpjec-law-number {\r\n            font-size: 22px;\r\n        }\r\n\r\n    }\r\n\r\n    <\/style>\r\n\r\n    \n<p>[\/et_pb_text][\/et_pb_column][\/et_pb_row][\/et_pb_section]<\/p>\n","protected":false},"excerpt":{"rendered":"<p>Normativa\r\n    <div class=\"rpjec-normativa-wrap\">\r\n\r\n        \r\n            <div class=\"rpjec-law-section\">\r\n\r\n                <div\r\n                    class=\"rpjec-law-header\"\r\n                    style=\"\r\n                        background-color: #3e4d9c;\r\n                        color: #FFFFFF;\r\n                    \"\r\n                >\r\n                    Trasversal                <\/div>\r\n\r\n                <div class=\"rpjec-law-grid\">\r\n\r\n                    \r\n                        <a\r\n                            class=\"rpjec-law-card\"\r\n                            style=\"--law-color: #3e4d9c;\"\r\n                            href=\"http:\/\/www.santafe.gob.ar\/ms\/rpjec\/wp-content\/uploads\/sites\/97\/2026\/08\/Resolucion-1_2026.pdf\"\r\n                            target=\"_blank\"\r\n                            rel=\"noopener noreferrer\"\r\n                        >\r\n\r\n                            <div class=\"rpjec-law-top\">\r\n\r\n                                <div class=\"rpjec-law-type\">\r\n                                    RESOLUCI\u00d3N                                <\/div>\r\n\r\n                                <div class=\"rpjec-law-number\">\r\n                                    N\u00b0 1\/2026                                <\/div>\r\n\r\n                                <div class=\"rpjec-law-title\">\r\n                                    Naturaleza declarativa de la inscripci\u00f3n y permanencia de administradores societarios                                <\/div>\r\n\r\n                            <\/div>\r\n\r\n                            <div class=\"rpjec-law-expand\">\r\n\r\n                                <div class=\"rpjec-law-expand-inner\">\r\n\r\n                                    <p class=\"rpjec-law-text\">\r\n                                        Establece que la inscripci\u00f3n de autoridades societarias tiene un car\u00e1cter meramente declarativo y ratifica que los administradores mantienen la continuidad de derecho en sus cargos hasta ser efectivamente reemplazados, incluso si el plazo de su designaci\u00f3n se encuentra vencido.                                    <\/p>\r\n\r\n                                    <span class=\"rpjec-law-more\">\r\n                                        Ver m\u00e1s &rarr;\r\n                                    <\/span>\r\n\r\n                                <\/div>\r\n\r\n                            <\/div>\r\n\r\n                        <\/a>\r\n\r\n                    \r\n                        <a\r\n                            class=\"rpjec-law-card\"\r\n                            style=\"--law-color: #3e4d9c;\"\r\n                            href=\"http:\/\/www.santafe.gob.ar\/ms\/rpjec\/wp-content\/uploads\/sites\/97\/2026\/08\/Resolucion-1_2025.pdf\"\r\n                            target=\"_blank\"\r\n                            rel=\"noopener noreferrer\"\r\n                        >\r\n\r\n                            <div class=\"rpjec-law-top\">\r\n\r\n                                <div class=\"rpjec-law-type\">\r\n                                    RESOLUCI\u00d3N                                <\/div>\r\n\r\n                                <div class=\"rpjec-law-number\">\r\n                                    N\u00b0 1\/2025                                <\/div>\r\n\r\n                                <div class=\"rpjec-law-title\">\r\n                                    Aprobaci\u00f3n del Reglamento General para la Tramitaci\u00f3n Digital del RPJEC.                                <\/div>\r\n\r\n                            <\/div>\r\n\r\n                            <div class=\"rpjec-law-expand\">\r\n\r\n                                <div class=\"rpjec-law-expand-inner\">\r\n\r\n                                    <p class=\"rpjec-law-text\">\r\n                                        Aprueba el Reglamento General para la Tramitaci\u00f3n Digital en el RPJEC, impulsando la modernizaci\u00f3n, simplificaci\u00f3n y despapelizaci\u00f3n de los tr\u00e1mites societarios en Santa Fe.                                    <\/p>\r\n\r\n                                    <span class=\"rpjec-law-more\">\r\n                                        Ver m\u00e1s &rarr;\r\n                                    <\/span>\r\n\r\n                                <\/div>\r\n\r\n                            <\/div>\r\n\r\n                        <\/a>\r\n\r\n                    \r\n                        <a\r\n                            class=\"rpjec-law-card\"\r\n                            style=\"--law-color: #3e4d9c;\"\r\n                            href=\"http:\/\/www.santafe.gob.ar\/ms\/rpjec\/wp-content\/uploads\/sites\/97\/2026\/08\/Ley-14276.pdf\"\r\n                            target=\"_blank\"\r\n                            rel=\"noopener noreferrer\"\r\n                        >\r\n\r\n                            <div class=\"rpjec-law-top\">\r\n\r\n                                <div class=\"rpjec-law-type\">\r\n                                    LEY                                <\/div>\r\n\r\n                                <div class=\"rpjec-law-number\">\r\n                                    N\u00b0 14.276                                <\/div>\r\n\r\n                                <div class=\"rpjec-law-title\">\r\n                                    Ley Org\u00e1nica del Registro de Personas Jur\u00eddicas, Empresas y Contratos.                                <\/div>\r\n\r\n                            <\/div>\r\n\r\n                            <div class=\"rpjec-law-expand\">\r\n\r\n                                <div class=\"rpjec-law-expand-inner\">\r\n\r\n                                    <p class=\"rpjec-law-text\">\r\n                                        Ley org\u00e1nica del RPJEC. Unifica la ex Inspecci\u00f3n General de Personas Jur\u00eddicas y el Registro P\u00fablico de Comercio, y fija las competencias de registro y fiscalizaci\u00f3n del organismo.                                    <\/p>\r\n\r\n                                    <span class=\"rpjec-law-more\">\r\n                                        Ver m\u00e1s &rarr;\r\n                                    <\/span>\r\n\r\n                                <\/div>\r\n\r\n                            <\/div>\r\n\r\n                        <\/a>\r\n\r\n                    \r\n                <\/div>\r\n\r\n            <\/div>\r\n\r\n        \r\n            <div class=\"rpjec-law-section\">\r\n\r\n                <div\r\n                    class=\"rpjec-law-header\"\r\n                    style=\"\r\n                        background-color: #ba2e67;\r\n                        color: #FFFFFF;\r\n                    \"\r\n                >\r\n                    Asociaciones Civiles                <\/div>\r\n\r\n                <div class=\"rpjec-law-grid\">\r\n\r\n                    \r\n                        <a\r\n                            class=\"rpjec-law-card\"\r\n                            style=\"--law-color: #ba2e67;\"\r\n                            href=\"http:\/\/www.santafe.gob.ar\/ms\/rpjec\/wp-content\/uploads\/sites\/97\/2026\/08\/Resolucion-3_2024.pdf\"\r\n                            target=\"_blank\"\r\n                            rel=\"noopener noreferrer\"\r\n                        >\r\n\r\n                            <div class=\"rpjec-law-top\">\r\n\r\n                                <div class=\"rpjec-law-type\">\r\n                                    RESOLUCI\u00d3N                                <\/div>\r\n\r\n                                <div class=\"rpjec-law-number\">\r\n                                    N\u00b0 3\/2024                                <\/div>\r\n\r\n                                <div class=\"rpjec-law-title\">\r\n                                    Procedimiento de normalizaci\u00f3n para asociaciones civiles                                <\/div>\r\n\r\n                            <\/div>\r\n\r\n                            <div class=\"rpjec-law-expand\">\r\n\r\n                                <div class=\"rpjec-law-expand-inner\">\r\n\r\n                                    <p class=\"rpjec-law-text\">\r\n                                        Establece un procedimiento excepcional mediante un delegado normalizador para regularizar asociaciones civiles que carezcan del Registro de Asociados o de autoridades vigentes.                                    <\/p>\r\n\r\n                                    <span class=\"rpjec-law-more\">\r\n                                        Ver m\u00e1s &rarr;\r\n                                    <\/span>\r\n\r\n                                <\/div>\r\n\r\n                            <\/div>\r\n\r\n                        <\/a>\r\n\r\n                    \r\n                        <a\r\n                            class=\"rpjec-law-card\"\r\n                            style=\"--law-color: #ba2e67;\"\r\n                            href=\"http:\/\/www.santafe.gob.ar\/ms\/rpjec\/wp-content\/uploads\/sites\/97\/2026\/08\/Resolucion-5_2019.pdf\"\r\n                            target=\"_blank\"\r\n                            rel=\"noopener noreferrer\"\r\n                        >\r\n\r\n                            <div class=\"rpjec-law-top\">\r\n\r\n                                <div class=\"rpjec-law-type\">\r\n                                    RESOLUCI\u00d3N                                <\/div>\r\n\r\n                                <div class=\"rpjec-law-number\">\r\n                                    N\u00b0 5\/2019                                <\/div>\r\n\r\n                                <div class=\"rpjec-law-title\">\r\n                                    Implementaci\u00f3n del libro de asociados digital para asociaciones civiles.                                <\/div>\r\n\r\n                            <\/div>\r\n\r\n                            <div class=\"rpjec-law-expand\">\r\n\r\n                                <div class=\"rpjec-law-expand-inner\">\r\n\r\n                                    <p class=\"rpjec-law-text\">\r\n                                        Autoriza la implementaci\u00f3n progresiva y optativa del libro de asociados en formato digital para las asociaciones civiles, reemplazando el soporte f\u00edsico para asegurar la conservaci\u00f3n de los datos y brindar mayor seguridad jur\u00eddica.                                    <\/p>\r\n\r\n                                    <span class=\"rpjec-law-more\">\r\n                                        Ver m\u00e1s &rarr;\r\n                                    <\/span>\r\n\r\n                                <\/div>\r\n\r\n                            <\/div>\r\n\r\n                        <\/a>\r\n\r\n                    \r\n                        <a\r\n                            class=\"rpjec-law-card\"\r\n                            style=\"--law-color: #ba2e67;\"\r\n                            href=\"http:\/\/www.santafe.gob.ar\/ms\/rpjec\/wp-content\/uploads\/sites\/97\/2026\/08\/Resolucion-364_2015.pdf\"\r\n                            target=\"_blank\"\r\n                            rel=\"noopener noreferrer\"\r\n                        >\r\n\r\n                            <div class=\"rpjec-law-top\">\r\n\r\n                                <div class=\"rpjec-law-type\">\r\n                                    RESOLUCI\u00d3N                                <\/div>\r\n\r\n                                <div class=\"rpjec-law-number\">\r\n                                    N\u00b0 364\/2015                                <\/div>\r\n\r\n                                <div class=\"rpjec-law-title\">\r\n                                    Libros contables obligatorios para asociaciones civiles y fundaciones                                <\/div>\r\n\r\n                            <\/div>\r\n\r\n                            <div class=\"rpjec-law-expand\">\r\n\r\n                                <div class=\"rpjec-law-expand-inner\">\r\n\r\n                                    <p class=\"rpjec-law-text\">\r\n                                        Establece la obligatoriedad de llevar los libros contables &quot;Diario&quot; e &quot;Inventario y Balance&quot; para las asociaciones civiles y fundaciones, adecuando las formalidades de registraci\u00f3n patrimonial y confecci\u00f3n de estados contables al C\u00f3digo Civil y Comercial.                                    <\/p>\r\n\r\n                                    <span class=\"rpjec-law-more\">\r\n                                        Ver m\u00e1s &rarr;\r\n                                    <\/span>\r\n\r\n                                <\/div>\r\n\r\n                            <\/div>\r\n\r\n                        <\/a>\r\n\r\n                    \r\n                        <a\r\n                            class=\"rpjec-law-card\"\r\n                            style=\"--law-color: #ba2e67;\"\r\n                            href=\"http:\/\/www.santafe.gob.ar\/ms\/rpjec\/wp-content\/uploads\/sites\/97\/2026\/08\/Resolucion-363_2015.pdf\"\r\n                            target=\"_blank\"\r\n                            rel=\"noopener noreferrer\"\r\n                        >\r\n\r\n                            <div class=\"rpjec-law-top\">\r\n\r\n                                <div class=\"rpjec-law-type\">\r\n                                    RESOLUCI\u00d3N                                <\/div>\r\n\r\n                                <div class=\"rpjec-law-number\">\r\n                                    N\u00b0 363\/2015                                <\/div>\r\n\r\n                                <div class=\"rpjec-law-title\">\r\n                                    Contenido obligatorio de la Memoria Anual y el Informe de Fiscalizaci\u00f3n para asociaciones y fundaciones.                                <\/div>\r\n\r\n                            <\/div>\r\n\r\n                            <div class=\"rpjec-law-expand\">\r\n\r\n                                <div class=\"rpjec-law-expand-inner\">\r\n\r\n                                    <p class=\"rpjec-law-text\">\r\n                                        Establece los requisitos m\u00ednimos de informaci\u00f3n que debe contener la Memoria elaborada por los \u00f3rganos de administraci\u00f3n, junto con los lineamientos que debe cumplir el informe del \u00f3rgano de fiscalizaci\u00f3n al evaluar los estados contables de las asociaciones civiles y fundaciones.                                    <\/p>\r\n\r\n                                    <span class=\"rpjec-law-more\">\r\n                                        Ver m\u00e1s &rarr;\r\n                                    <\/span>\r\n\r\n                                <\/div>\r\n\r\n                            <\/div>\r\n\r\n                        <\/a>\r\n\r\n                    \r\n                        <a\r\n                            class=\"rpjec-law-card\"\r\n                            style=\"--law-color: #ba2e67;\"\r\n                            href=\"http:\/\/www.santafe.gob.ar\/ms\/rpjec\/wp-content\/uploads\/sites\/97\/2026\/08\/Resolucion-44_2000.pdf\"\r\n                            target=\"_blank\"\r\n                            rel=\"noopener noreferrer\"\r\n                        >\r\n\r\n                            <div class=\"rpjec-law-top\">\r\n\r\n                                <div class=\"rpjec-law-type\">\r\n                                    RESOLUCI\u00d3N                                <\/div>\r\n\r\n                                <div class=\"rpjec-law-number\">\r\n                                    N\u00b0 44\/2000                                <\/div>\r\n\r\n                                <div class=\"rpjec-law-title\">\r\n                                    Establece el contenido que debe tener el Estado de Resultados                                <\/div>\r\n\r\n                            <\/div>\r\n\r\n                            <div class=\"rpjec-law-expand\">\r\n\r\n                                <div class=\"rpjec-law-expand-inner\">\r\n\r\n                                    <p class=\"rpjec-law-text\">\r\n                                        Establece la obligaci\u00f3n para las asociaciones civiles y fundaciones de detallar en sus estados contables los subsidios, donaciones y contratos provenientes del Estado.                                    <\/p>\r\n\r\n                                    <span class=\"rpjec-law-more\">\r\n                                        Ver m\u00e1s &rarr;\r\n                                    <\/span>\r\n\r\n                                <\/div>\r\n\r\n                            <\/div>\r\n\r\n                        <\/a>\r\n\r\n                    \r\n                        <a\r\n                            class=\"rpjec-law-card\"\r\n                            style=\"--law-color: #ba2e67;\"\r\n                            href=\"http:\/\/www.santafe.gob.ar\/ms\/rpjec\/wp-content\/uploads\/sites\/97\/2026\/08\/Resolucion-140_1982.pdf\"\r\n                            target=\"_blank\"\r\n                            rel=\"noopener noreferrer\"\r\n                        >\r\n\r\n                            <div class=\"rpjec-law-top\">\r\n\r\n                                <div class=\"rpjec-law-type\">\r\n                                    RESOLUCI\u00d3N                                <\/div>\r\n\r\n                                <div class=\"rpjec-law-number\">\r\n                                    N\u00b0 140\/1982                                <\/div>\r\n\r\n                                <div class=\"rpjec-law-title\">\r\n                                    Prohibici\u00f3n de fines lucrativos en el objeto de las asociaciones.                                <\/div>\r\n\r\n                            <\/div>\r\n\r\n                            <div class=\"rpjec-law-expand\">\r\n\r\n                                <div class=\"rpjec-law-expand-inner\">\r\n\r\n                                    <p class=\"rpjec-law-text\">\r\n                                        Establece que las asociaciones no deben tener car\u00e1cter lucrativo ni reportar ventajas econ\u00f3micas para sus miembros, facultando a la autoridad a exigir la inclusi\u00f3n de esta aclaraci\u00f3n en los estatutos cuyo objeto resulte ambiguo.                                    <\/p>\r\n\r\n                                    <span class=\"rpjec-law-more\">\r\n                                        Ver m\u00e1s &rarr;\r\n                                    <\/span>\r\n\r\n                                <\/div>\r\n\r\n                            <\/div>\r\n\r\n                        <\/a>\r\n\r\n                    \r\n                        <a\r\n                            class=\"rpjec-law-card\"\r\n                            style=\"--law-color: #ba2e67;\"\r\n                            href=\"http:\/\/www.santafe.gob.ar\/ms\/rpjec\/wp-content\/uploads\/sites\/97\/2026\/08\/Resolucion-357_1978.pdf\"\r\n                            target=\"_blank\"\r\n                            rel=\"noopener noreferrer\"\r\n                        >\r\n\r\n                            <div class=\"rpjec-law-top\">\r\n\r\n                                <div class=\"rpjec-law-type\">\r\n                                    RESOLUCI\u00d3N                                <\/div>\r\n\r\n                                <div class=\"rpjec-law-number\">\r\n                                    N\u00b0 357\/1978                                <\/div>\r\n\r\n                                <div class=\"rpjec-law-title\">\r\n                                    Prohibici\u00f3n del uso del t\u00e9rmino &quot;Colegio&quot; en asociaciones profesionales.                                <\/div>\r\n\r\n                            <\/div>\r\n\r\n                            <div class=\"rpjec-law-expand\">\r\n\r\n                                <div class=\"rpjec-law-expand-inner\">\r\n\r\n                                    <p class=\"rpjec-law-text\">\r\n                                        Proh\u00edbe utilizar la palabra &quot;Colegio&quot; en la denominaci\u00f3n de asociaciones de profesionales que no hayan sido creadas por ley, con el fin de evitar confusiones con entidades oficiales y exigiendo la modificaci\u00f3n del nombre para las ya existentes.                                    <\/p>\r\n\r\n                                    <span class=\"rpjec-law-more\">\r\n                                        Ver m\u00e1s &rarr;\r\n                                    <\/span>\r\n\r\n                                <\/div>\r\n\r\n                            <\/div>\r\n\r\n                        <\/a>\r\n\r\n                    \r\n                        <a\r\n                            class=\"rpjec-law-card\"\r\n                            style=\"--law-color: #ba2e67;\"\r\n                            href=\"http:\/\/www.santafe.gob.ar\/ms\/rpjec\/wp-content\/uploads\/sites\/97\/2026\/08\/Resolucion-General-nro-1-2024-Boletin-Oficial.pdf\"\r\n                            target=\"_blank\"\r\n                            rel=\"noopener noreferrer\"\r\n                        >\r\n\r\n                            <div class=\"rpjec-law-top\">\r\n\r\n                                <div class=\"rpjec-law-type\">\r\n                                    RESOLUCI\u00d3N                                <\/div>\r\n\r\n                                <div class=\"rpjec-law-number\">\r\n                                    N\u00b0 1\/2024                                <\/div>\r\n\r\n                                <div class=\"rpjec-law-title\">\r\n                                    Subsistencia para disposici\u00f3n o gravamen de bienes registrables.                                <\/div>\r\n\r\n                            <\/div>\r\n\r\n                            <div class=\"rpjec-law-expand\">\r\n\r\n                                <div class=\"rpjec-law-expand-inner\">\r\n\r\n                                    <p class=\"rpjec-law-text\">\r\n                                        Regula la emisi\u00f3n del certificado de subsistencia para asociaciones civiles y fundaciones, estableciendo controles m\u00e1s estrictos y requisitos espec\u00edficos cuando este documento sea solicitado para la disposici\u00f3n o gravamen de bienes inmuebles.                                    <\/p>\r\n\r\n                                    <span class=\"rpjec-law-more\">\r\n                                        Ver m\u00e1s &rarr;\r\n                                    <\/span>\r\n\r\n                                <\/div>\r\n\r\n                            <\/div>\r\n\r\n                        <\/a>\r\n\r\n                    \r\n                <\/div>\r\n\r\n            <\/div>\r\n\r\n        \r\n            <div class=\"rpjec-law-section\">\r\n\r\n                <div\r\n                    class=\"rpjec-law-header\"\r\n                    style=\"\r\n                        background-color: #e62555;\r\n                        color: #FFFFFF;\r\n                    \"\r\n                >\r\n                    Fundaciones                <\/div>\r\n\r\n                <div class=\"rpjec-law-grid\">\r\n\r\n                    \r\n                        <a\r\n                            class=\"rpjec-law-card\"\r\n                            style=\"--law-color: #e62555;\"\r\n                            href=\"http:\/\/www.santafe.gob.ar\/ms\/rpjec\/wp-content\/uploads\/sites\/97\/2026\/08\/Resolucion-General-nro-1-2024-Boletin-Oficial.pdf\"\r\n                            target=\"_blank\"\r\n                            rel=\"noopener noreferrer\"\r\n                        >\r\n\r\n                            <div class=\"rpjec-law-top\">\r\n\r\n                                <div class=\"rpjec-law-type\">\r\n                                    RESOLUCI\u00d3N                                <\/div>\r\n\r\n                                <div class=\"rpjec-law-number\">\r\n                                    N\u00b0 1\/2024                                <\/div>\r\n\r\n                                <div class=\"rpjec-law-title\">\r\n                                    Subsistencia para disposici\u00f3n o gravamen de bienes registrables.                                <\/div>\r\n\r\n                            <\/div>\r\n\r\n                            <div class=\"rpjec-law-expand\">\r\n\r\n                                <div class=\"rpjec-law-expand-inner\">\r\n\r\n                                    <p class=\"rpjec-law-text\">\r\n                                        Regula la emisi\u00f3n del certificado de subsistencia para asociaciones civiles y fundaciones, estableciendo controles m\u00e1s estrictos y requisitos espec\u00edficos cuando este documento sea solicitado para la disposici\u00f3n o gravamen de bienes inmuebles.                                    <\/p>\r\n\r\n                                    <span class=\"rpjec-law-more\">\r\n                                        Ver m\u00e1s &rarr;\r\n                                    <\/span>\r\n\r\n                                <\/div>\r\n\r\n                            <\/div>\r\n\r\n                        <\/a>\r\n\r\n                    \r\n                        <a\r\n                            class=\"rpjec-law-card\"\r\n                            style=\"--law-color: #e62555;\"\r\n                            href=\"http:\/\/www.santafe.gob.ar\/ms\/rpjec\/wp-content\/uploads\/sites\/97\/2026\/08\/Resolucion-2_2024.pdf\"\r\n                            target=\"_blank\"\r\n                            rel=\"noopener noreferrer\"\r\n                        >\r\n\r\n                            <div class=\"rpjec-law-top\">\r\n\r\n                                <div class=\"rpjec-law-type\">\r\n                                    RESOLUCI\u00d3N                                <\/div>\r\n\r\n                                <div class=\"rpjec-law-number\">\r\n                                    N\u00b0 2\/2024                                <\/div>\r\n\r\n                                <div class=\"rpjec-law-title\">\r\n                                    Actualizaci\u00f3n del patrimonio inicial m\u00ednimo para fundaciones.                                <\/div>\r\n\r\n                            <\/div>\r\n\r\n                            <div class=\"rpjec-law-expand\">\r\n\r\n                                <div class=\"rpjec-law-expand-inner\">\r\n\r\n                                    <p class=\"rpjec-law-text\">\r\n                                        Fija el patrimonio inicial m\u00ednimo requerido para constituir fundaciones en cuatro mil Unidades Fijas, actualizando el monto para garantizar razonablemente el cumplimiento de sus fines estatutarios.                                    <\/p>\r\n\r\n                                    <span class=\"rpjec-law-more\">\r\n                                        Ver m\u00e1s &rarr;\r\n                                    <\/span>\r\n\r\n                                <\/div>\r\n\r\n                            <\/div>\r\n\r\n                        <\/a>\r\n\r\n                    \r\n                        <a\r\n                            class=\"rpjec-law-card\"\r\n                            style=\"--law-color: #e62555;\"\r\n                            href=\"http:\/\/www.santafe.gob.ar\/ms\/rpjec\/wp-content\/uploads\/sites\/97\/2026\/08\/Resolucion-364_2015-1.pdf\"\r\n                            target=\"_blank\"\r\n                            rel=\"noopener noreferrer\"\r\n                        >\r\n\r\n                            <div class=\"rpjec-law-top\">\r\n\r\n                                <div class=\"rpjec-law-type\">\r\n                                    RESOLUCI\u00d3N                                <\/div>\r\n\r\n                                <div class=\"rpjec-law-number\">\r\n                                    N\u00b0 364\/2015                                <\/div>\r\n\r\n                                <div class=\"rpjec-law-title\">\r\n                                    Libros contables obligatorios para asociaciones civiles y fundaciones                                <\/div>\r\n\r\n                            <\/div>\r\n\r\n                            <div class=\"rpjec-law-expand\">\r\n\r\n                                <div class=\"rpjec-law-expand-inner\">\r\n\r\n                                    <p class=\"rpjec-law-text\">\r\n                                        Establece la obligatoriedad de llevar los libros contables &quot;Diario&quot; e &quot;Inventario y Balance&quot; para las asociaciones civiles y fundaciones, adecuando las formalidades de registraci\u00f3n patrimonial y confecci\u00f3n de estados contables al C\u00f3digo Civil y Comercial.                                    <\/p>\r\n\r\n                                    <span class=\"rpjec-law-more\">\r\n                                        Ver m\u00e1s &rarr;\r\n                                    <\/span>\r\n\r\n                                <\/div>\r\n\r\n                            <\/div>\r\n\r\n                        <\/a>\r\n\r\n                    \r\n                        <a\r\n                            class=\"rpjec-law-card\"\r\n                            style=\"--law-color: #e62555;\"\r\n                            href=\"http:\/\/www.santafe.gob.ar\/ms\/rpjec\/wp-content\/uploads\/sites\/97\/2026\/08\/Resolucion-363_2015-1.pdf\"\r\n                            target=\"_blank\"\r\n                            rel=\"noopener noreferrer\"\r\n                        >\r\n\r\n                            <div class=\"rpjec-law-top\">\r\n\r\n                                <div class=\"rpjec-law-type\">\r\n                                    RESOLUCI\u00d3N                                <\/div>\r\n\r\n                                <div class=\"rpjec-law-number\">\r\n                                    N\u00b0 363\/2015                                <\/div>\r\n\r\n                                <div class=\"rpjec-law-title\">\r\n                                    Contenido obligatorio de la Memoria Anual y el Informe de Fiscalizaci\u00f3n para asociaciones y fundaciones.                                <\/div>\r\n\r\n                            <\/div>\r\n\r\n                            <div class=\"rpjec-law-expand\">\r\n\r\n                                <div class=\"rpjec-law-expand-inner\">\r\n\r\n                                    <p class=\"rpjec-law-text\">\r\n                                        Establece los requisitos m\u00ednimos de informaci\u00f3n que debe contener la Memoria elaborada por los \u00f3rganos de administraci\u00f3n, junto con los lineamientos que debe cumplir el informe del \u00f3rgano de fiscalizaci\u00f3n al evaluar los estados contables de las asociaciones civiles y fundaciones.                                    <\/p>\r\n\r\n                                    <span class=\"rpjec-law-more\">\r\n                                        Ver m\u00e1s &rarr;\r\n                                    <\/span>\r\n\r\n                                <\/div>\r\n\r\n                            <\/div>\r\n\r\n                        <\/a>\r\n\r\n                    \r\n                        <a\r\n                            class=\"rpjec-law-card\"\r\n                            style=\"--law-color: #e62555;\"\r\n                            href=\"http:\/\/www.santafe.gob.ar\/ms\/rpjec\/wp-content\/uploads\/sites\/97\/2026\/08\/Resolucion-44_2000-1.pdf\"\r\n                            target=\"_blank\"\r\n                            rel=\"noopener noreferrer\"\r\n                        >\r\n\r\n                            <div class=\"rpjec-law-top\">\r\n\r\n                                <div class=\"rpjec-law-type\">\r\n                                    RESOLUCI\u00d3N                                <\/div>\r\n\r\n                                <div class=\"rpjec-law-number\">\r\n                                    N\u00b0 44\/2000                                <\/div>\r\n\r\n                                <div class=\"rpjec-law-title\">\r\n                                    Establece el contenido que debe tener el Estado de Resultados                                <\/div>\r\n\r\n                            <\/div>\r\n\r\n                            <div class=\"rpjec-law-expand\">\r\n\r\n                                <div class=\"rpjec-law-expand-inner\">\r\n\r\n                                    <p class=\"rpjec-law-text\">\r\n                                        Establece la obligaci\u00f3n para las asociaciones civiles y fundaciones de detallar en sus estados contables los subsidios, donaciones y contratos provenientes del Estado.                                    <\/p>\r\n\r\n                                    <span class=\"rpjec-law-more\">\r\n                                        Ver m\u00e1s &rarr;\r\n                                    <\/span>\r\n\r\n                                <\/div>\r\n\r\n                            <\/div>\r\n\r\n                        <\/a>\r\n\r\n                    \r\n                <\/div>\r\n\r\n            <\/div>\r\n\r\n        \r\n            <div class=\"rpjec-law-section\">\r\n\r\n                <div\r\n                    class=\"rpjec-law-header\"\r\n                    style=\"\r\n                        background-color: #e9496b;\r\n                        color: #FFFFFF;\r\n                    \"\r\n                >\r\n                    Sociedades An\u00f3nimas                <\/div>\r\n\r\n                <div class=\"rpjec-law-grid\">\r\n\r\n                    \r\n                        <a\r\n                            class=\"rpjec-law-card\"\r\n                            style=\"--law-color: #e9496b;\"\r\n                            href=\"http:\/\/www.santafe.gob.ar\/ms\/rpjec\/wp-content\/uploads\/sites\/97\/2026\/08\/Resolucion-359_1975.pdf\"\r\n                            target=\"_blank\"\r\n                            rel=\"noopener noreferrer\"\r\n                        >\r\n\r\n                            <div class=\"rpjec-law-top\">\r\n\r\n                                <div class=\"rpjec-law-type\">\r\n                                    RESOLUCI\u00d3N                                <\/div>\r\n\r\n                                <div class=\"rpjec-law-number\">\r\n                                    N\u00b0 359\/1975                                <\/div>\r\n\r\n                                <div class=\"rpjec-law-title\">\r\n                                    Requisitos de presentaci\u00f3n de documentaci\u00f3n asamblearia y contable.                                <\/div>\r\n\r\n                            <\/div>\r\n\r\n                            <div class=\"rpjec-law-expand\">\r\n\r\n                                <div class=\"rpjec-law-expand-inner\">\r\n\r\n                                    <p class=\"rpjec-law-text\">\r\n                                        Establece la documentaci\u00f3n obligatoria y los plazos legales que deben cumplir las sociedades por acciones, asociaciones civiles y fundaciones para presentar informaci\u00f3n contable y societaria tanto antes como despu\u00e9s de la celebraci\u00f3n de sus asambleas o reuniones de consejo.                                    <\/p>\r\n\r\n                                    <span class=\"rpjec-law-more\">\r\n                                        Ver m\u00e1s &rarr;\r\n                                    <\/span>\r\n\r\n                                <\/div>\r\n\r\n                            <\/div>\r\n\r\n                        <\/a>\r\n\r\n                    \r\n                <\/div>\r\n\r\n            <\/div>\r\n\r\n        \r\n            <div class=\"rpjec-law-section\">\r\n\r\n                <div\r\n                    class=\"rpjec-law-header\"\r\n                    style=\"\r\n                        background-color: #ed6c7f;\r\n                        color: #FFFFFF;\r\n                    \"\r\n                >\r\n                    SRL y otros tipos societarios                <\/div>\r\n\r\n                <div class=\"rpjec-law-grid\">\r\n\r\n                    \r\n                        <a\r\n                            class=\"rpjec-law-card\"\r\n                            style=\"--law-color: #ed6c7f;\"\r\n                            href=\"http:\/\/www.santafe.gob.ar\/ms\/rpjec\/wp-content\/uploads\/sites\/97\/2026\/08\/Resolucion-85_2018.pdf\"\r\n                            target=\"_blank\"\r\n                            rel=\"noopener noreferrer\"\r\n                        >\r\n\r\n                            <div class=\"rpjec-law-top\">\r\n\r\n                                <div class=\"rpjec-law-type\">\r\n                                    RESOLUCI\u00d3N                                <\/div>\r\n\r\n                                <div class=\"rpjec-law-number\">\r\n                                    N\u00b0 85\/2018                                <\/div>\r\n\r\n                                <div class=\"rpjec-law-title\">\r\n                                    Aprobaci\u00f3n de Estatutos Modelo para Sociedades por Acciones Simplificadas (SAS)                                <\/div>\r\n\r\n                            <\/div>\r\n\r\n                            <div class=\"rpjec-law-expand\">\r\n\r\n                                <div class=\"rpjec-law-expand-inner\">\r\n\r\n                                    <p class=\"rpjec-law-text\">\r\n                                        Aprueba dos modelos de estatuto para la constituci\u00f3n de Sociedades por Acciones Simplificadas (SAS) en la provincia de Santa Fe, con el fin de agilizar su inscripci\u00f3n otorgando tr\u00e1mite prioritario a quienes los adopten sin modificaciones.                                    <\/p>\r\n\r\n                                    <span class=\"rpjec-law-more\">\r\n                                        Ver m\u00e1s &rarr;\r\n                                    <\/span>\r\n\r\n                                <\/div>\r\n\r\n                            <\/div>\r\n\r\n                        <\/a>\r\n\r\n                    \r\n                <\/div>\r\n\r\n            <\/div>\r\n\r\n        \r\n            <div class=\"rpjec-law-section\">\r\n\r\n                <div\r\n                    class=\"rpjec-law-header\"\r\n                    style=\"\r\n                        background-color: #ee7147;\r\n                        color: #FFFFFF;\r\n                    \"\r\n                >\r\n                    Sociedades Extranjeras                <\/div>\r\n\r\n                <div class=\"rpjec-law-grid\">\r\n\r\n                    \r\n                        <a\r\n                            class=\"rpjec-law-card\"\r\n                            style=\"--law-color: #ee7147;\"\r\n                            href=\"http:\/\/www.santafe.gob.ar\/ms\/rpjec\/wp-content\/uploads\/sites\/97\/2026\/08\/Resolucion-321_2004.pdf\"\r\n                            target=\"_blank\"\r\n                            rel=\"noopener noreferrer\"\r\n                        >\r\n\r\n                            <div class=\"rpjec-law-top\">\r\n\r\n                                <div class=\"rpjec-law-type\">\r\n                                    RESOLUCI\u00d3N                                <\/div>\r\n\r\n                                <div class=\"rpjec-law-number\">\r\n                                    N\u00b0 321\/2004                                <\/div>\r\n\r\n                                <div class=\"rpjec-law-title\">\r\n                                    Control y registro de sociedades constituidas en el extranjero.                                <\/div>\r\n\r\n                            <\/div>\r\n\r\n                            <div class=\"rpjec-law-expand\">\r\n\r\n                                <div class=\"rpjec-law-expand-inner\">\r\n\r\n                                    <p class=\"rpjec-law-text\">\r\n                                        Establece los requisitos de inscripci\u00f3n y fiscalizaci\u00f3n para las sociedades extranjeras que operen en Santa Fe, creando adem\u00e1s un registro administrativo espec\u00edfico para su control y la prevenci\u00f3n de fraudes societarios.                                    <\/p>\r\n\r\n                                    <span class=\"rpjec-law-more\">\r\n                                        Ver m\u00e1s &rarr;\r\n                                    <\/span>\r\n\r\n                                <\/div>\r\n\r\n                            <\/div>\r\n\r\n                        <\/a>\r\n\r\n                    \r\n                <\/div>\r\n\r\n            <\/div>\r\n\r\n        \r\n            <div class=\"rpjec-law-section\">\r\n\r\n                <div\r\n                    class=\"rpjec-law-header\"\r\n                    style=\"\r\n                        background-color: #ee741c;\r\n                        color: #FFFFFF;\r\n                    \"\r\n                >\r\n                    Contratos                <\/div>\r\n\r\n                <div class=\"rpjec-law-grid\">\r\n\r\n                    \r\n                        <a\r\n                            class=\"rpjec-law-card\"\r\n                            style=\"--law-color: #ee741c;\"\r\n                            href=\"http:\/\/www.santafe.gob.ar\/ms\/rpjec\/wp-content\/uploads\/sites\/97\/2026\/08\/Ley-14377.pdf\"\r\n                            target=\"_blank\"\r\n                            rel=\"noopener noreferrer\"\r\n                        >\r\n\r\n                            <div class=\"rpjec-law-top\">\r\n\r\n                                <div class=\"rpjec-law-type\">\r\n                                    LEY                                <\/div>\r\n\r\n                                <div class=\"rpjec-law-number\">\r\n                                    N\u00b0 14.377                                <\/div>\r\n\r\n                                <div class=\"rpjec-law-title\">\r\n                                    Ley de registraci\u00f3n de fideicomisos y beneficiarios finales.                                <\/div>\r\n\r\n                            <\/div>\r\n\r\n                            <div class=\"rpjec-law-expand\">\r\n\r\n                                <div class=\"rpjec-law-expand-inner\">\r\n\r\n                                    <p class=\"rpjec-law-text\">\r\n                                        Crea el Registro de contratos de fideicomiso y el Registro P\u00fablico de Beneficiarios Finales en la provincia de Santa Fe, con el fin de promover la transparencia fiscal y prevenir el lavado de activos.                                    <\/p>\r\n\r\n                                    <span class=\"rpjec-law-more\">\r\n                                        Ver m\u00e1s &rarr;\r\n                                    <\/span>\r\n\r\n                                <\/div>\r\n\r\n                            <\/div>\r\n\r\n                        <\/a>\r\n\r\n                    \r\n                <\/div>\r\n\r\n            <\/div>\r\n\r\n        \r\n            <div class=\"rpjec-law-section\">\r\n\r\n                <div\r\n                    class=\"rpjec-law-header\"\r\n                    style=\"\r\n                        background-color: #f6a110;\r\n                        color: #282e49;\r\n                    \"\r\n                >\r\n                    Colegios Profesionales                <\/div>\r\n\r\n                <div class=\"rpjec-law-grid\">\r\n\r\n                    \r\n                        <a\r\n                            class=\"rpjec-law-card\"\r\n                            style=\"--law-color: #f6a110;\"\r\n                            href=\"http:\/\/www.santafe.gob.ar\/ms\/rpjec\/wp-content\/uploads\/sites\/97\/2026\/08\/Ley-11.089.pdf\"\r\n                            target=\"_blank\"\r\n                            rel=\"noopener noreferrer\"\r\n                        >\r\n\r\n                            <div class=\"rpjec-law-top\">\r\n\r\n                                <div class=\"rpjec-law-type\">\r\n                                    LEY                                <\/div>\r\n\r\n                                <div class=\"rpjec-law-number\">\r\n                                    N\u00b0 11.089                                <\/div>\r\n\r\n                                <div class=\"rpjec-law-title\">\r\n                                    Regulaci\u00f3n de instituciones y honorarios profesionales.                                <\/div>\r\n\r\n                            <\/div>\r\n\r\n                            <div class=\"rpjec-law-expand\">\r\n\r\n                                <div class=\"rpjec-law-expand-inner\">\r\n\r\n                                    <p class=\"rpjec-law-text\">\r\n                                        Establece las pautas de funcionamiento y organizaci\u00f3n de los Colegios y Consejos Profesionales en la provincia, habilitando adem\u00e1s el libre acuerdo de honorarios entre los profesionales y sus comitentes.                                    <\/p>\r\n\r\n                                    <span class=\"rpjec-law-more\">\r\n                                        Ver m\u00e1s &rarr;\r\n                                    <\/span>\r\n\r\n                                <\/div>\r\n\r\n                            <\/div>\r\n\r\n                        <\/a>\r\n\r\n                    \r\n                <\/div>\r\n\r\n            <\/div>\r\n\r\n        \r\n            <div class=\"rpjec-law-section\">\r\n\r\n                <div\r\n                    class=\"rpjec-law-header\"\r\n                    style=\"\r\n                        background-color: #feca05;\r\n                        color: #282e49;\r\n                    \"\r\n                >\r\n                    Entidades Religiosas                <\/div>\r\n\r\n                <div class=\"rpjec-law-grid\">\r\n\r\n                    \r\n                        <a\r\n                            class=\"rpjec-law-card\"\r\n                            style=\"--law-color: #feca05;\"\r\n                            href=\"http:\/\/www.santafe.gob.ar\/ms\/rpjec\/wp-content\/uploads\/sites\/97\/2026\/08\/Decreto-454_2025.pdf\"\r\n                            target=\"_blank\"\r\n                            rel=\"noopener noreferrer\"\r\n                        >\r\n\r\n                            <div class=\"rpjec-law-top\">\r\n\r\n                                <div class=\"rpjec-law-type\">\r\n                                    DECRETO                                <\/div>\r\n\r\n                                <div class=\"rpjec-law-number\">\r\n                                    N\u00b0 454\/2025                                <\/div>\r\n\r\n                                <div class=\"rpjec-law-title\">\r\n                                    Creaci\u00f3n del Registro de entidades religiosas y r\u00fabrica de libros contables.                                <\/div>\r\n\r\n                            <\/div>\r\n\r\n                            <div class=\"rpjec-law-expand\">\r\n\r\n                                <div class=\"rpjec-law-expand-inner\">\r\n\r\n                                    <p class=\"rpjec-law-text\">\r\n                                        Crea un registro espec\u00edfico para iglesias y entidades religiosas, eximi\u00e9ndolas de la obligaci\u00f3n de constituirse como asociaciones civiles o fundaciones y habilitando la r\u00fabrica de sus libros contables.                                    <\/p>\r\n\r\n                                    <span class=\"rpjec-law-more\">\r\n                                        Ver m\u00e1s &rarr;\r\n                                    <\/span>\r\n\r\n                                <\/div>\r\n\r\n                            <\/div>\r\n\r\n                        <\/a>\r\n\r\n                    \r\n                <\/div>\r\n\r\n            <\/div>\r\n\r\n        \r\n            <div class=\"rpjec-law-section\">\r\n\r\n                <div\r\n                    class=\"rpjec-law-header\"\r\n                    style=\"\r\n                        background-color: #282e49;\r\n                        color: #FFFFFF;\r\n                    \"\r\n                >\r\n                    Circulares                <\/div>\r\n\r\n                <div class=\"rpjec-law-grid\">\r\n\r\n                    \r\n                        <a\r\n                            class=\"rpjec-law-card\"\r\n                            style=\"--law-color: #282e49;\"\r\n                            href=\"http:\/\/www.santafe.gob.ar\/ms\/rpjec\/wp-content\/uploads\/sites\/97\/2026\/08\/Circular-1_2026.pdf\"\r\n                            target=\"_blank\"\r\n                            rel=\"noopener noreferrer\"\r\n                        >\r\n\r\n                            <div class=\"rpjec-law-top\">\r\n\r\n                                <div class=\"rpjec-law-type\">\r\n                                    CIRCULAR                                <\/div>\r\n\r\n                                <div class=\"rpjec-law-number\">\r\n                                    N\u00b0 1\/2026                                <\/div>\r\n\r\n                                <div class=\"rpjec-law-title\">\r\n                                    Uso de firma electr\u00f3nica y criterios operativos en tr\u00e1mites del RPJEC.                                <\/div>\r\n\r\n                            <\/div>\r\n\r\n                            <div class=\"rpjec-law-expand\">\r\n\r\n                                <div class=\"rpjec-law-expand-inner\">\r\n\r\n                                    <p class=\"rpjec-law-text\">\r\n                                        Habilita el uso del Firmador Web provincial para suscribir declaraciones juradas y diversos tr\u00e1mites societarios, unificando adem\u00e1s criterios operativos sobre la publicaci\u00f3n de edictos y la firma en fideicomisos previos a 2025.                                    <\/p>\r\n\r\n                                    <span class=\"rpjec-law-more\">\r\n                                        Ver m\u00e1s &rarr;\r\n                                    <\/span>\r\n\r\n                                <\/div>\r\n\r\n                            <\/div>\r\n\r\n                        <\/a>\r\n\r\n                    \r\n                        <a\r\n                            class=\"rpjec-law-card\"\r\n                            style=\"--law-color: #282e49;\"\r\n                            href=\"http:\/\/www.santafe.gob.ar\/ms\/rpjec\/wp-content\/uploads\/sites\/97\/2026\/08\/Circular-2_2026.pdf\"\r\n                            target=\"_blank\"\r\n                            rel=\"noopener noreferrer\"\r\n                        >\r\n\r\n                            <div class=\"rpjec-law-top\">\r\n\r\n                                <div class=\"rpjec-law-type\">\r\n                                    CIRCULAR                                <\/div>\r\n\r\n                                <div class=\"rpjec-law-number\">\r\n                                    N\u00b0 2\/2026                                <\/div>\r\n\r\n                                <div class=\"rpjec-law-title\">\r\n                                    Criterios operativos sobre &quot;acto \u00fanico&quot; y declaraciones UIF en el RPJEC.                                <\/div>\r\n\r\n                            <\/div>\r\n\r\n                            <div class=\"rpjec-law-expand\">\r\n\r\n                                <div class=\"rpjec-law-expand-inner\">\r\n\r\n                                    <p class=\"rpjec-law-text\">\r\n                                        Unifica la interpretaci\u00f3n del RPJEC sobre el concepto de &quot;acto \u00fanico&quot; en la constituci\u00f3n de entidades y elimina la exigencia innecesaria de presentar declaraciones juradas de sujeto obligado y de beneficiario final cuando intervienen exclusivamente personas humanas.                                    <\/p>\r\n\r\n                                    <span class=\"rpjec-law-more\">\r\n                                        Ver m\u00e1s &rarr;\r\n                                    <\/span>\r\n\r\n                                <\/div>\r\n\r\n                            <\/div>\r\n\r\n                        <\/a>\r\n\r\n                    \r\n                <\/div>\r\n\r\n            <\/div>\r\n\r\n        \r\n    <\/div>\r\n\r\n    <style>\r\n\r\n    .rpjec-normativa-wrap {\r\n        max-width: 1200px;\r\n        margin: 40px auto;\r\n        padding: 0 20px;\r\n    }\r\n\r\n    .rpjec-law-section {\r\n        margin-bottom: 44px;\r\n    }\r\n\r\n    .rpjec-law-header {\r\n        font-family: 'Inter', sans-serif;\r\n        font-weight: 800;\r\n        font-size: 26px;\r\n        padding: 20px 28px;\r\n        border-radius: 8px 8px 0 0;\r\n    }\r\n\r\n    .rpjec-law-grid {\r\n        display: grid;\r\n        grid-template-columns: repeat(3, 1fr);\r\n        gap: 20px;\r\n        background: #eef0f2;\r\n        padding: 24px;\r\n        border-radius: 0 0 8px 8px;\r\n        align-items: start;\r\n    }\r\n\r\n    .rpjec-law-card {\r\n        display: block;\r\n        background: #f6f7f8;\r\n        border-radius: 8px;\r\n        text-decoration: none;\r\n        overflow: hidden;\r\n        box-shadow: 0 1px 3px rgba(0,0,0,0.08);\r\n        transition: box-shadow 0.25s ease;\r\n    }\r\n\r\n    .rpjec-law-card:hover {\r\n        box-shadow: 0 8px 20px rgba(0,0,0,0.15);\r\n    }\r\n\r\n    .rpjec-law-top {\r\n        padding: 22px 24px 18px;\r\n    }\r\n\r\n    .rpjec-law-type {\r\n        font-family: 'Inter', sans-serif;\r\n        font-weight: 700;\r\n        font-size: 12px;\r\n        letter-spacing: 1px;\r\n        color: #8A8A95;\r\n        margin-bottom: 10px;\r\n        padding-bottom: 10px;\r\n        border-bottom: 1px solid #d5d5dc;\r\n    }\r\n\r\n    .rpjec-law-number {\r\n        font-family: 'Inter', sans-serif;\r\n        font-weight: 800;\r\n        font-size: 26px;\r\n        color: var(--law-color, #3d4d9c);\r\n        margin-bottom: 10px;\r\n        padding-bottom: 14px;\r\n        border-bottom: 1px solid #d5d5dc;\r\n    }\r\n\r\n    .rpjec-law-title {\r\n        font-family: 'Inter', sans-serif;\r\n        font-weight: 600;\r\n        font-size: 15px;\r\n        line-height: 1.4;\r\n        color: #4A4A5C;\r\n    }\r\n\r\n    .rpjec-law-expand {\r\n        max-height: 0;\r\n        opacity: 0;\r\n        overflow: hidden;\r\n        transition: max-height 0.4s ease, opacity 0.3s ease;\r\n        background: var(--law-color, #3d4d9c);\r\n    }\r\n\r\n    .rpjec-law-card:hover .rpjec-law-expand,\r\n    .rpjec-law-card:focus-within .rpjec-law-expand {\r\n        max-height: 320px;\r\n        opacity: 1;\r\n    }\r\n\r\n    .rpjec-law-expand-inner {\r\n        padding: 20px 24px 24px;\r\n        border-top: 1px solid rgba(255,255,255,0.35);\r\n    }\r\n\r\n    .rpjec-law-text {\r\n        font-family: 'Inter', sans-serif;\r\n        font-weight: 400;\r\n        font-size: 14px;\r\n        line-height: 1.5;\r\n        color: #FFFFFF;\r\n        margin: 12px 0 16px 0;\r\n    }\r\n\r\n    .rpjec-law-more {\r\n        font-family: 'Inter', sans-serif;\r\n        font-weight: 700;\r\n        font-size: 14px;\r\n        color: #FFFFFF;\r\n        display: inline-block;\r\n        padding-top: 12px;\r\n        border-top: 1px solid rgba(255,255,255,0.35);\r\n        width: 100%;\r\n    }\r\n\r\n    @media (max-width: 980px) {\r\n\r\n        .rpjec-law-grid {\r\n            grid-template-columns: repeat(2, 1fr);\r\n        }\r\n\r\n    }\r\n\r\n    @media (max-width: 600px) {\r\n\r\n        .rpjec-law-grid {\r\n            grid-template-columns: 1fr;\r\n            padding: 16px;\r\n        }\r\n\r\n        .rpjec-law-header {\r\n            font-size: 21px;\r\n            padding: 16px 20px;\r\n        }\r\n\r\n        .rpjec-law-number {\r\n            font-size: 22px;\r\n        }\r\n\r\n    }\r\n\r\n    <\/style>\r\n\r\n    <\/p>\n","protected":false},"author":127451,"featured_media":0,"parent":0,"menu_order":0,"comment_status":"closed","ping_status":"closed","template":"","meta":{"_acf_changed":false,"_et_pb_use_builder":"on","_et_pb_old_content":"<!-- wp:divi\/placeholder \/-->","_et_gb_content_width":"","footnotes":""},"class_list":["post-33","page","type-page","status-publish","hentry"],"acf":[],"_links":{"self":[{"href":"https:\/\/www.santafe.gob.ar\/ms\/rpjec\/wp-json\/wp\/v2\/pages\/33","targetHints":{"allow":["GET"]}}],"collection":[{"href":"https:\/\/www.santafe.gob.ar\/ms\/rpjec\/wp-json\/wp\/v2\/pages"}],"about":[{"href":"https:\/\/www.santafe.gob.ar\/ms\/rpjec\/wp-json\/wp\/v2\/types\/page"}],"author":[{"embeddable":true,"href":"https:\/\/www.santafe.gob.ar\/ms\/rpjec\/wp-json\/wp\/v2\/users\/127451"}],"replies":[{"embeddable":true,"href":"https:\/\/www.santafe.gob.ar\/ms\/rpjec\/wp-json\/wp\/v2\/comments?post=33"}],"version-history":[{"count":6,"href":"https:\/\/www.santafe.gob.ar\/ms\/rpjec\/wp-json\/wp\/v2\/pages\/33\/revisions"}],"predecessor-version":[{"id":320,"href":"https:\/\/www.santafe.gob.ar\/ms\/rpjec\/wp-json\/wp\/v2\/pages\/33\/revisions\/320"}],"wp:attachment":[{"href":"https:\/\/www.santafe.gob.ar\/ms\/rpjec\/wp-json\/wp\/v2\/media?parent=33"}],"curies":[{"name":"wp","href":"https:\/\/api.w.org\/{rel}","templated":true}]}}