{"id":361,"date":"2026-08-19T15:16:39","date_gmt":"2026-08-19T13:16:39","guid":{"rendered":"https:\/\/www.santafe.gob.ar\/ms\/rpjec\/?page_id=361"},"modified":"2026-08-28T16:34:47","modified_gmt":"2026-08-28T14:34:47","slug":"inscribir-contratos","status":"publish","type":"page","link":"https:\/\/www.santafe.gob.ar\/ms\/rpjec\/inscribir-contratos\/","title":{"rendered":"Inscribir &#8211; contratos"},"content":{"rendered":"<p>[et_pb_section fb_built=\u00bb1&#8243; _builder_version=\u00bb4.19.0&#8243; _module_preset=\u00bbdefault\u00bb custom_padding=\u00bb0px||0px||false|false\u00bb global_colors_info=\u00bb{}\u00bb][et_pb_row column_structure=\u00bb2_3,1_3&#8243; disabled_on=\u00bbon|on|off\u00bb _builder_version=\u00bb4.19.0&#8243; _module_preset=\u00bbdefault\u00bb width=\u00bb100%\u00bb max_width=\u00bb100%\u00bb module_alignment=\u00bbcenter\u00bb custom_margin=\u00bb0px||0px||true|false\u00bb custom_padding=\u00bb0px||0px||false|false\u00bb custom_css_main_element=\u00bbdisplay: flex;||align-items: stretch;\u00bb global_colors_info=\u00bb{}\u00bb][et_pb_column type=\u00bb2_3&#8243; _builder_version=\u00bb4.19.0&#8243; _module_preset=\u00bbdefault\u00bb custom_padding=\u00bb||20px|60px|false|false\u00bb global_colors_info=\u00bb{}\u00bb][et_pb_text _builder_version=\u00bb4.19.0&#8243; _module_preset=\u00bbdefault\u00bb custom_padding=\u00bb40px||||false|false\u00bb global_colors_info=\u00bb{}\u00bb]<\/p>\n<h1 class=\"rpjec-entity-title\">Inscribir<span class=\"rpjec-entity-subtitle\">\u00a0 \u00a0\/Contratos<\/span><\/h1>\n<p>[\/et_pb_text][et_pb_text _builder_version=\u00bb4.19.0&#8243; _module_preset=\u00bbdefault\u00bb text_font=\u00bb|600|||||||\u00bb text_text_color=\u00bb#717280&#8243; text_font_size=\u00bb20px\u00bb custom_margin=\u00bb||10px||false|false\u00bb custom_padding=\u00bb15px|15%|15px|15px|true|false\u00bb link_option_url=\u00bbhttps:\/\/www.santafe.gov.ar\/index.php\/web\/Estructura-de-Gobierno\/Ministerios\/Gobierno-e-Innovacion-Publica\/RPJEC-Registro-de-Personas-Juridicas-Empresas-y-Contratos\/tramites_servicios\/Nuevos-2025\/Inscripcion-de-Agente-Institorio\u00bb link_option_url_new_window=\u00bbon\u00bb border_width_all=\u00bb1px\u00bb global_colors_info=\u00bb{}\u00bb]<\/p>\n<p>Inscripci\u00f3n de Agente Institorio o registro de personas comprendidas en el art\u00edculo 320 del CCyC de la Naci\u00f3n<\/p>\n<p>[\/et_pb_text][et_pb_text _builder_version=\u00bb4.19.0&#8243; _module_preset=\u00bbdefault\u00bb text_font=\u00bb|600|||||||\u00bb text_text_color=\u00bb#717280&#8243; text_font_size=\u00bb20px\u00bb custom_margin=\u00bb||10px||false|false\u00bb custom_padding=\u00bb15px|15%|15px|15px|true|false\u00bb link_option_url=\u00bbhttps:\/\/www.santafe.gov.ar\/index.php\/web\/Estructura-de-Gobierno\/Ministerios\/Gobierno-e-Innovacion-Publica\/RPJEC-Registro-de-Personas-Juridicas-Empresas-y-Contratos\/tramites_servicios\/Nuevos-2025\/Inscripcion-de-agrupaciones-de-colaboracion\u00bb link_option_url_new_window=\u00bbon\u00bb border_width_all=\u00bb1px\u00bb global_colors_info=\u00bb{}\u00bb]<\/p>\n<p>Inscripci\u00f3n de agrupaciones de colaboraci\u00f3n<\/p>\n<p>[\/et_pb_text][et_pb_text _builder_version=\u00bb4.19.0&#8243; _module_preset=\u00bbdefault\u00bb text_font=\u00bb|600|||||||\u00bb text_text_color=\u00bb#717280&#8243; text_font_size=\u00bb20px\u00bb custom_margin=\u00bb||10px||false|false\u00bb custom_padding=\u00bb15px|15%|15px|15px|true|false\u00bb link_option_url=\u00bbhttps:\/\/www.santafe.gov.ar\/index.php\/web\/Estructura-de-Gobierno\/Ministerios\/Gobierno-e-Innovacion-Publica\/RPJEC-Registro-de-Personas-Juridicas-Empresas-y-Contratos\/tramites_servicios\/Nuevos-2025\/Inscripcion-de-Consorcio-de-Cooperacion\u00bb link_option_url_new_window=\u00bbon\u00bb border_width_all=\u00bb1px\u00bb global_colors_info=\u00bb{}\u00bb]<\/p>\n<p>Inscripci\u00f3n de Consorcio de Cooperaci\u00f3n<\/p>\n<p>[\/et_pb_text][et_pb_text _builder_version=\u00bb4.19.0&#8243; _module_preset=\u00bbdefault\u00bb text_font=\u00bb|600|||||||\u00bb text_text_color=\u00bb#717280&#8243; text_font_size=\u00bb20px\u00bb custom_margin=\u00bb||10px||false|false\u00bb custom_padding=\u00bb15px|15%|15px|15px|true|false\u00bb link_option_url=\u00bbhttps:\/\/www.santafe.gov.ar\/index.php\/web\/Estructura-de-Gobierno\/Ministerios\/Gobierno-e-Innovacion-Publica\/RPJEC-Registro-de-Personas-Juridicas-Empresas-y-Contratos\/tramites_servicios\/Nuevos-2025\/Inscripcion-de-Transferencia-de-Fondo-de-Comercio\u00bb link_option_url_new_window=\u00bbon\u00bb border_width_all=\u00bb1px\u00bb global_colors_info=\u00bb{}\u00bb]<\/p>\n<p>Inscripci\u00f3n de Transferencia de Fondo de Comercio<\/p>\n<p>[\/et_pb_text][et_pb_text _builder_version=\u00bb4.19.0&#8243; _module_preset=\u00bbdefault\u00bb text_font=\u00bb|600|||||||\u00bb text_text_color=\u00bb#717280&#8243; text_font_size=\u00bb20px\u00bb custom_margin=\u00bb||10px||false|false\u00bb custom_padding=\u00bb15px|15%|15px|15px|true|false\u00bb link_option_url=\u00bbhttps:\/\/www.santafe.gov.ar\/index.php\/web\/Estructura-de-Gobierno\/Ministerios\/Gobierno-e-Innovacion-Publica\/RPJEC-Registro-de-Personas-Juridicas-Empresas-y-Contratos\/tramites_servicios\/Nuevos-2025\/Inscripcion-de-Union-Transitoria\u00bb link_option_url_new_window=\u00bbon\u00bb border_width_all=\u00bb1px\u00bb global_colors_info=\u00bb{}\u00bb]<\/p>\n<p>Inscripci\u00f3n de Uni\u00f3n Transitoria<\/p>\n<p>[\/et_pb_text][et_pb_text _builder_version=\u00bb4.19.0&#8243; _module_preset=\u00bbdefault\u00bb text_font=\u00bb|600|||||||\u00bb text_text_color=\u00bb#717280&#8243; text_font_size=\u00bb20px\u00bb custom_margin=\u00bb||10px||false|false\u00bb custom_padding=\u00bb15px|15%|15px|15px|true|false\u00bb link_option_url=\u00bbhttps:\/\/www.santafe.gov.ar\/index.php\/web\/Estructura-de-Gobierno\/Ministerios\/Gobierno-e-Innovacion-Publica\/RPJEC-Registro-de-Personas-Juridicas-Empresas-y-Contratos\/tramites_servicios\/Nuevos-2025\/Inscripcion-o-modificacion-de-contrato-de-fideicomiso\u00bb link_option_url_new_window=\u00bbon\u00bb border_width_all=\u00bb1px\u00bb global_colors_info=\u00bb{}\u00bb]<\/p>\n<p>Inscripci\u00f3n o modificaci\u00f3n de contrato de fideicomiso<\/p>\n<p>[\/et_pb_text][\/et_pb_column][et_pb_column type=\u00bb1_3&#8243; disabled_on=\u00bbon|on|off\u00bb _builder_version=\u00bb4.19.0&#8243; _module_preset=\u00bbdefault\u00bb background_enable_color=\u00bboff\u00bb use_background_color_gradient=\u00bbon\u00bb background_color_gradient_direction=\u00bb140deg\u00bb background_color_gradient_stops=\u00bb#3d4d9c 0%|#e52354 100%\u00bb custom_padding=\u00bb||100%||false|false\u00bb custom_css_main_element=\u00bbheight: auto !important;||min-height: 100% !important;||align-self: stretch !important;\u00bb global_colors_info=\u00bb{}\u00bb][et_pb_text _builder_version=\u00bb4.19.0&#8243; _module_preset=\u00bbdefault\u00bb text_font=\u00bb|700|||||||\u00bb text_text_color=\u00bb#FFFFFF\u00bb text_font_size=\u00bb32px\u00bb custom_margin=\u00bb0px||0px|2px|true|false\u00bb custom_padding=\u00bb40px|20%||20%|false|true\u00bb global_colors_info=\u00bb{}\u00bb]<\/p>\n<p>Novedades<\/p>\n<p>[\/et_pb_text][et_pb_blog fullwidth=\u00bboff\u00bb posts_number=\u00bb3&#8243; include_categories=\u00bb24&#8243; show_author=\u00bboff\u00bb show_categories=\u00bboff\u00bb show_pagination=\u00bboff\u00bb module_class=\u00bbtarjeta-novedades\u00bb _builder_version=\u00bb4.19.0&#8243; _module_preset=\u00bbdefault\u00bb header_font=\u00bb|700|||||||\u00bb header_text_align=\u00bbleft\u00bb header_text_color=\u00bb#E42153&#8243; body_text_align=\u00bbleft\u00bb body_text_color=\u00bb#E42153&#8243; meta_text_color=\u00bb#E42153&#8243; read_more_text_color=\u00bb#E42153&#8243; pagination_text_color=\u00bb#E42153&#8243; text_orientation=\u00bbleft\u00bb custom_margin=\u00bb||||false|false\u00bb custom_padding=\u00bb20px|20%||20%|false|true\u00bb hover_enabled=\u00bb0&#8243; border_radii_image=\u00bboff|16px|16px||\u00bb box_shadow_style=\u00bbpreset1&#8243; global_colors_info=\u00bb{}\u00bb show_excerpt=\u00bboff\u00bb disabled_on=\u00bbon|on|on\u00bb disabled=\u00bbon\u00bb sticky_enabled=\u00bb0&#8243;][\/et_pb_blog][\/et_pb_column][\/et_pb_row][et_pb_row disabled_on=\u00bboff|off|on\u00bb _builder_version=\u00bb4.19.0&#8243; _module_preset=\u00bbdefault\u00bb width=\u00bb100%\u00bb max_width=\u00bb100%\u00bb module_alignment=\u00bbcenter\u00bb custom_margin=\u00bb0px||0px||true|false\u00bb custom_padding=\u00bb0px|10px|0px|10px|false|true\u00bb custom_css_main_element=\u00bbdisplay: flex;||align-items: stretch;\u00bb global_colors_info=\u00bb{}\u00bb][et_pb_column type=\u00bb4_4&#8243; _builder_version=\u00bb4.19.0&#8243; _module_preset=\u00bbdefault\u00bb custom_padding=\u00bb||20px||false|false\u00bb global_colors_info=\u00bb{}\u00bb][et_pb_text _builder_version=\u00bb4.19.0&#8243; _module_preset=\u00bbdefault\u00bb custom_margin=\u00bb|0px|-4px|0px|false|true\u00bb custom_padding=\u00bb20px|0px|20px|0px|true|true\u00bb global_colors_info=\u00bb{}\u00bb]<\/p>\n<h1 class=\"rpjec-entity-title\">Inscribir<br \/><span class=\"rpjec-entity-subtitle\">\/Contratos<\/span><\/h1>\n<p>[\/et_pb_text][et_pb_text _builder_version=\u00bb4.19.0&#8243; _module_preset=\u00bbdefault\u00bb text_font=\u00bb|600|||||||\u00bb text_text_color=\u00bb#717280&#8243; text_font_size=\u00bb20px\u00bb custom_margin=\u00bb||10px||false|false\u00bb custom_padding=\u00bb15px|15%|15px|15px|true|false\u00bb link_option_url=\u00bbhttps:\/\/www.santafe.gov.ar\/index.php\/web\/Estructura-de-Gobierno\/Ministerios\/Gobierno-e-Innovacion-Publica\/RPJEC-Registro-de-Personas-Juridicas-Empresas-y-Contratos\/tramites_servicios\/Nuevos-2025\/Inscripcion-de-Agente-Institorio\u00bb link_option_url_new_window=\u00bbon\u00bb border_width_all=\u00bb1px\u00bb global_colors_info=\u00bb{}\u00bb]<\/p>\n<p>Inscripci\u00f3n de Agente Institorio o registro de personas comprendidas en el art\u00edculo 320 del CCyC de la Naci\u00f3n<\/p>\n<p>[\/et_pb_text][et_pb_text _builder_version=\u00bb4.19.0&#8243; _module_preset=\u00bbdefault\u00bb text_font=\u00bb|600|||||||\u00bb text_text_color=\u00bb#717280&#8243; text_font_size=\u00bb20px\u00bb custom_margin=\u00bb||10px||false|false\u00bb custom_padding=\u00bb15px|15%|15px|15px|true|false\u00bb link_option_url=\u00bbhttps:\/\/www.santafe.gov.ar\/index.php\/web\/Estructura-de-Gobierno\/Ministerios\/Gobierno-e-Innovacion-Publica\/RPJEC-Registro-de-Personas-Juridicas-Empresas-y-Contratos\/tramites_servicios\/Nuevos-2025\/Inscripcion-de-agrupaciones-de-colaboracion\u00bb link_option_url_new_window=\u00bbon\u00bb border_width_all=\u00bb1px\u00bb global_colors_info=\u00bb{}\u00bb]<\/p>\n<p>Inscripci\u00f3n de agrupaciones de colaboraci\u00f3n<\/p>\n<p>[\/et_pb_text][et_pb_text _builder_version=\u00bb4.19.0&#8243; _module_preset=\u00bbdefault\u00bb text_font=\u00bb|600|||||||\u00bb text_text_color=\u00bb#717280&#8243; text_font_size=\u00bb20px\u00bb custom_margin=\u00bb||10px||false|false\u00bb custom_padding=\u00bb15px|15%|15px|15px|true|false\u00bb link_option_url=\u00bbhttps:\/\/www.santafe.gov.ar\/index.php\/web\/Estructura-de-Gobierno\/Ministerios\/Gobierno-e-Innovacion-Publica\/RPJEC-Registro-de-Personas-Juridicas-Empresas-y-Contratos\/tramites_servicios\/Nuevos-2025\/Inscripcion-de-Consorcio-de-Cooperacion\u00bb link_option_url_new_window=\u00bbon\u00bb border_width_all=\u00bb1px\u00bb global_colors_info=\u00bb{}\u00bb]<\/p>\n<p>Inscripci\u00f3n de Consorcio de Cooperaci\u00f3n<\/p>\n<p>[\/et_pb_text][et_pb_text _builder_version=\u00bb4.19.0&#8243; _module_preset=\u00bbdefault\u00bb text_font=\u00bb|600|||||||\u00bb text_text_color=\u00bb#717280&#8243; text_font_size=\u00bb20px\u00bb custom_margin=\u00bb||10px||false|false\u00bb custom_padding=\u00bb15px|15%|15px|15px|true|false\u00bb link_option_url=\u00bbhttps:\/\/www.santafe.gov.ar\/index.php\/web\/Estructura-de-Gobierno\/Ministerios\/Gobierno-e-Innovacion-Publica\/RPJEC-Registro-de-Personas-Juridicas-Empresas-y-Contratos\/tramites_servicios\/Nuevos-2025\/Inscripcion-de-Transferencia-de-Fondo-de-Comercio\u00bb link_option_url_new_window=\u00bbon\u00bb border_width_all=\u00bb1px\u00bb global_colors_info=\u00bb{}\u00bb]<\/p>\n<p>Inscripci\u00f3n de Transferencia de Fondo de Comercio<\/p>\n<p>[\/et_pb_text][et_pb_text _builder_version=\u00bb4.19.0&#8243; _module_preset=\u00bbdefault\u00bb text_font=\u00bb|600|||||||\u00bb text_text_color=\u00bb#717280&#8243; text_font_size=\u00bb20px\u00bb custom_margin=\u00bb||10px||false|false\u00bb custom_padding=\u00bb15px|15%|15px|15px|true|false\u00bb link_option_url=\u00bbhttps:\/\/www.santafe.gov.ar\/index.php\/web\/Estructura-de-Gobierno\/Ministerios\/Gobierno-e-Innovacion-Publica\/RPJEC-Registro-de-Personas-Juridicas-Empresas-y-Contratos\/tramites_servicios\/Nuevos-2025\/Inscripcion-de-Union-Transitoria\u00bb link_option_url_new_window=\u00bbon\u00bb border_width_all=\u00bb1px\u00bb global_colors_info=\u00bb{}\u00bb]<\/p>\n<p>Inscripci\u00f3n de Uni\u00f3n Transitoria<\/p>\n<p>[\/et_pb_text][et_pb_text _builder_version=\u00bb4.19.0&#8243; _module_preset=\u00bbdefault\u00bb text_font=\u00bb|600|||||||\u00bb text_text_color=\u00bb#717280&#8243; text_font_size=\u00bb20px\u00bb custom_margin=\u00bb||10px||false|false\u00bb custom_padding=\u00bb15px|15%|15px|15px|true|false\u00bb link_option_url=\u00bbhttps:\/\/www.santafe.gov.ar\/index.php\/web\/Estructura-de-Gobierno\/Ministerios\/Gobierno-e-Innovacion-Publica\/RPJEC-Registro-de-Personas-Juridicas-Empresas-y-Contratos\/tramites_servicios\/Nuevos-2025\/Inscripcion-o-modificacion-de-contrato-de-fideicomiso\u00bb link_option_url_new_window=\u00bbon\u00bb border_width_all=\u00bb1px\u00bb global_colors_info=\u00bb{}\u00bb]<\/p>\n<p>Inscripci\u00f3n o modificaci\u00f3n de contrato de fideicomiso<\/p>\n<p>[\/et_pb_text][\/et_pb_column][\/et_pb_row][et_pb_row disabled_on=\u00bboff|off|on\u00bb _builder_version=\u00bb4.19.0&#8243; _module_preset=\u00bbdefault\u00bb use_background_color_gradient=\u00bbon\u00bb background_color_gradient_direction=\u00bb140deg\u00bb background_color_gradient_stops=\u00bb#3d4d9c 20%|#e52354 99%\u00bb width=\u00bb100%\u00bb module_alignment=\u00bbcenter\u00bb custom_margin=\u00bb|0px||0px|true|true\u00bb custom_padding=\u00bb0px|0px|0px|0px|true|true\u00bb global_colors_info=\u00bb{}\u00bb][et_pb_column type=\u00bb4_4&#8243; _builder_version=\u00bb4.19.0&#8243; _module_preset=\u00bbdefault\u00bb custom_padding=\u00bb||15px||false|false\u00bb global_colors_info=\u00bb{}\u00bb][et_pb_text _builder_version=\u00bb4.19.0&#8243; _module_preset=\u00bbdefault\u00bb text_font=\u00bb|700|||||||\u00bb text_text_color=\u00bb#FFFFFF\u00bb text_font_size=\u00bb32px\u00bb custom_margin=\u00bb0px||0px|2px|true|false\u00bb custom_padding=\u00bb40px|20%||20%|false|true\u00bb global_colors_info=\u00bb{}\u00bb]<\/p>\n<p>Novedades<\/p>\n<p>[\/et_pb_text][et_pb_blog fullwidth=\u00bboff\u00bb posts_number=\u00bb2&#8243; include_categories=\u00bb24&#8243; show_author=\u00bboff\u00bb show_categories=\u00bboff\u00bb show_pagination=\u00bboff\u00bb module_class=\u00bbtarjeta-novedades\u00bb _builder_version=\u00bb4.19.0&#8243; _module_preset=\u00bbdefault\u00bb header_font=\u00bb|700|||||||\u00bb header_text_align=\u00bbleft\u00bb header_text_color=\u00bb#E42153&#8243; body_text_align=\u00bbleft\u00bb body_text_color=\u00bb#E42153&#8243; meta_text_color=\u00bb#E42153&#8243; read_more_text_color=\u00bb#E42153&#8243; pagination_text_color=\u00bb#E42153&#8243; text_orientation=\u00bbleft\u00bb custom_margin=\u00bb||||false|false\u00bb custom_padding=\u00bb20px|20%||20%|false|true\u00bb hover_enabled=\u00bb0&#8243; border_radii_image=\u00bboff|16px|16px||\u00bb box_shadow_style=\u00bbpreset1&#8243; locked=\u00bboff\u00bb global_colors_info=\u00bb{}\u00bb show_excerpt=\u00bboff\u00bb disabled_on=\u00bbon|on|on\u00bb disabled=\u00bbon\u00bb sticky_enabled=\u00bb0&#8243;][\/et_pb_blog][\/et_pb_column][\/et_pb_row][\/et_pb_section]<\/p>\n","protected":false},"excerpt":{"rendered":"<p>Inscribir\u00a0 \u00a0\/ContratosInscripci\u00f3n de Agente Institorio o registro de personas comprendidas en el art\u00edculo 320 del CCyC de la Naci\u00f3nInscripci\u00f3n de agrupaciones de colaboraci\u00f3nInscripci\u00f3n de Consorcio de Cooperaci\u00f3nInscripci\u00f3n de Transferencia de Fondo de ComercioInscripci\u00f3n de Uni\u00f3n TransitoriaInscripci\u00f3n o modificaci\u00f3n de contrato de fideicomisoNovedadesInscribir\/ContratosInscripci\u00f3n de Agente Institorio o registro de personas comprendidas en el art\u00edculo 320 del [&hellip;]<\/p>\n","protected":false},"author":127451,"featured_media":0,"parent":0,"menu_order":0,"comment_status":"closed","ping_status":"closed","template":"","meta":{"_acf_changed":false,"_et_pb_use_builder":"on","_et_pb_old_content":"","_et_gb_content_width":"","footnotes":""},"class_list":["post-361","page","type-page","status-publish","hentry"],"acf":[],"_links":{"self":[{"href":"https:\/\/www.santafe.gob.ar\/ms\/rpjec\/wp-json\/wp\/v2\/pages\/361","targetHints":{"allow":["GET"]}}],"collection":[{"href":"https:\/\/www.santafe.gob.ar\/ms\/rpjec\/wp-json\/wp\/v2\/pages"}],"about":[{"href":"https:\/\/www.santafe.gob.ar\/ms\/rpjec\/wp-json\/wp\/v2\/types\/page"}],"author":[{"embeddable":true,"href":"https:\/\/www.santafe.gob.ar\/ms\/rpjec\/wp-json\/wp\/v2\/users\/127451"}],"replies":[{"embeddable":true,"href":"https:\/\/www.santafe.gob.ar\/ms\/rpjec\/wp-json\/wp\/v2\/comments?post=361"}],"version-history":[{"count":4,"href":"https:\/\/www.santafe.gob.ar\/ms\/rpjec\/wp-json\/wp\/v2\/pages\/361\/revisions"}],"predecessor-version":[{"id":615,"href":"https:\/\/www.santafe.gob.ar\/ms\/rpjec\/wp-json\/wp\/v2\/pages\/361\/revisions\/615"}],"wp:attachment":[{"href":"https:\/\/www.santafe.gob.ar\/ms\/rpjec\/wp-json\/wp\/v2\/media?parent=361"}],"curies":[{"name":"wp","href":"https:\/\/api.w.org\/{rel}","templated":true}]}}